{"id":3494,"date":"2021-12-07T11:08:56","date_gmt":"2021-12-07T10:08:56","guid":{"rendered":"https:\/\/napoleon.open-ideas.info\/protagonistas\/"},"modified":"2022-01-18T10:23:03","modified_gmt":"2022-01-18T09:23:03","slug":"protagonistes","status":"publish","type":"page","link":"https:\/\/napoleon.visitcoruna.com\/fr\/protagonistes\/","title":{"rendered":"Protagonistes"},"content":{"rendered":"\r\n\r\n\t\t\t<h1>Protagonistes<\/h1>\t\t\t\r\n\t<nav aria-label=\"Menu protagonistas (FR)\" itemscope=\"itemscope\" itemtype=\"https:\/\/schema.org\/SiteNavigationElement\">\r\n\t\t<ul id=\"menu-menu-protagonistas-fr\"><li id=\"menu-item-3486\"><a href=\"#napoleon\" tabindex=\"0\" role=\"link\">Napole\u00f3n<\/a><\/li><li id=\"menu-item-3487\"><a href=\"#sir-john-moore\" tabindex=\"0\" role=\"link\">Sir John Moore<\/a><\/li><li id=\"menu-item-3488\"><a href=\"#jean-de-dieu-soult\" tabindex=\"0\" role=\"link\">Jean de Dieu Soult<\/a><\/li><li id=\"menu-item-3489\"><a href=\"#sir-john-hope\" tabindex=\"0\" role=\"link\">Sir John Hope<\/a><\/li><li id=\"menu-item-3490\"><a href=\"#michael-ney\" tabindex=\"0\" role=\"link\">Michel Ney<\/a><\/li><li id=\"menu-item-3491\"><a href=\"#la-romana\" tabindex=\"0\" role=\"link\">La Romana<\/a><\/li><li id=\"menu-item-3492\"><a href=\"#mendizabal\" tabindex=\"0\" role=\"link\">Mendiz\u00e1bal<\/a><\/li><li id=\"menu-item-3662\"><a href=\"#Diego-del-Barco\" tabindex=\"0\" role=\"link\">Diego del Barco<\/a><\/li><li id=\"menu-item-3663\"><a href=\"#Joseph-Yves-Manigault-Gaulois\" tabindex=\"0\" role=\"link\">Manigault-Gaulois<\/a><\/li><\/ul>\r\n\t\t\t<\/nav>\r\n\t\t\t<h2>Napole\u00f3n<\/h2>\r\n\t<p>Napol\u00e9on Bonaparte (1769-1821) est l&rsquo;un des tr\u00e8s rares personnages \u00e0 marquer un tournant dans l&rsquo;histoire. La biographie de Bonaparte offre \u00e0 tous \u00e9gards les preuves de sa grandeur, tant \u00e0 ses d\u00e9tracteurs qu&rsquo;\u00e0 ses hagiographes. Bonaparte est le g\u00e9nie militaire, empereur et r\u00e9formateur qui conduit la France vers la modernit\u00e9 ; mais aussi l&rsquo;envahisseur qui a provoqu\u00e9 trois d\u00e9cennies de guerres continues.<\/p>\r\n<p>Napol\u00e9on na\u00eet en 1769 \u00e0 Ajaccio, capitale de la Corse, l&rsquo;ann\u00e9e suivant la vente de l&rsquo;\u00eele \u00e0 la France, par la r\u00e9publique de G\u00eanes. Napol\u00e9on entre \u00e0 l&rsquo;\u00e2ge de 10 ans \u00e0 l&rsquo;\u00e9cole militaire et \u00e0 l&rsquo;\u00e2ge de 15 ans il est lieutenant-second d&rsquo;artillerie. Lorsque la R\u00e9volution fran\u00e7aise \u00e9clate, Napol\u00e9on commence \u00e0 se distinguer et \u00e0 nouer des amiti\u00e9s qui marqueront sa vie, principalement du c\u00f4t\u00e9 des Jacobins.<\/p>\r\n<p>Le premier exploit militaire du jeune Bonaparte est la prise de la ville royaliste de Toulon. A partir de ce moment, son \u00e9toile s\u00b4\u00e9l\u00e8ve gr\u00e2ce \u00e0 ses victoires continues dans les Guerres R\u00e9volutionnaires. Les campagnes d&rsquo;Italie et d&rsquo;\u00c9gypte marquent sa maturit\u00e9 en tant que soldat et politicien, et donnent le ton \u00e0 une mani\u00e8re de diriger qui le fera entrer dans l&rsquo;histoire\u00a0: \u00catre accueilli comme lib\u00e9rateur dans la majeure partie de l&rsquo;Italie et dans la l\u00e9gendaire campagne d&rsquo;\u00c9gypte, o\u00f9 il se fait accompagner par des scientifiques, des historiens et des peintres, pour une mission qui d\u00e9passait le cadre militaire. Le 18 Brumaire 1799, il force son \u00e9lection comme Premier Consul dans un \u00e9v\u00e9nement qui marquera l&rsquo;histoire de l&rsquo;Europe, puis comme Consul \u00e0 Vie (1802).<\/p>\r\n<p>D&rsquo;abord contre la France R\u00e9volutionnaire, puis contre Napol\u00e9on, les monarchies europ\u00e9ennes s&rsquo;unissent contre l&rsquo;esprit de changement et forgent des alliances pour l&rsquo;\u00e9craser. La guerre devient une caract\u00e9ristique constante des ann\u00e9es napol\u00e9oniennes.\u00a0 Il se proclame Empereur en 1804 dans le but d&rsquo;assimiler la France aux autres puissances europ\u00e9ennes et lance des campagnes successives pour d\u00e9manteler les coalitions qui se dressent contre lui. Avec la blessure saignante de la Guerre d&rsquo;Ind\u00e9pendance Espagnole et l&rsquo;intervention anglaise dans la p\u00e9ninsule, Bonaparte prend le risque de se battre sur deux fronts et entreprend la conqu\u00eate de la Russie. Napol\u00e9on n&rsquo;a jamais compris ce qui s&rsquo;\u00e9tait pass\u00e9 en Espagne.<\/p>\r\n\t\t\t\t<img loading=\"lazy\" src=\"https:\/\/napoleon.visitcoruna.com\/wp-content\/uploads\/napoleon-fr.jpg\" alt=\"napoleon-fr\" itemprop=\"image\" height=\"1080\" width=\"1080\" title=\"napoleon-fr\" onerror=\"this.style.display='none'\"  \/>\r\n\t<p>La bonne \u00e9toile de Napol\u00e9on s&rsquo;\u00e9teint\u00a0: d&rsquo;abord avec la destruction de sa Grande Arm\u00e9e en Russie, puis, en 1813, avec la d\u00e9faite de Leipzig et l&rsquo;invasion de la France par la Sixi\u00e8me Coalition. Napol\u00e9on abdique sous la pression de ses mar\u00e9chaux, et en 1814, les puissances victorieuses le condamnent \u00e0 l&rsquo;exil sur la petite \u00eele d&rsquo;Elbe, au large de la c\u00f4te italienne<\/p>\r\n<p>Mais l&rsquo;histoire de Napol\u00e9on Bonaparte avait encore une autre tournure que le destin ne garde que pour les hommes destin\u00e9s \u00e0 devenir des l\u00e9gendes. Napol\u00e9on retourne en France dans la clandestinit\u00e9 et contre la volont\u00e9 et la pens\u00e9e de l&rsquo;\u00e9lite politique, le peuple et l&rsquo;arm\u00e9e le rejoignent dans son avanc\u00e9e vers Paris. Des r\u00e9giments entiers envoy\u00e9s pour l&rsquo;arr\u00eater changent de camp quand Napol\u00e9on passe. Personne ne l&rsquo;arr\u00eate et il commence \u00e0 recevoir du soutien et de l&rsquo;enthousiasme sur son chemin de retour \u00e0 Paris. Louis XVIII s\u00b4enfuit et Napol\u00e9on reprend le pouvoir. L&rsquo;alliance d\u00e9finitive des monarchies europ\u00e9ennes s&rsquo;unit malgr\u00e9 les tentatives de paix de la France.<\/p>\r\n<p>Napol\u00e9on restera empereur pendant cent jours encore, jusqu&rsquo;\u00e0 la d\u00e9faite d\u00e9finitive \u00e0 Waterloo (18\u00a0juin\u00a01815). Bonaparte abdique une deuxi\u00e8me fois, mais les vainqueurs \u00e9cartent la guillotine pour ne pas en faire de lui un martyr. Les Anglais bannissent sur l&rsquo;\u00eele isol\u00e9e de Sainte-H\u00e9l\u00e8ne o\u00f9 il passera les derni\u00e8res ann\u00e9es de sa vie. Napol\u00e9on meurt le 5\u00a0mai\u00a01821 pour entrer dans l&rsquo;histoire \u00e0 la place r\u00e9serv\u00e9e uniquement \u00e0 Jules C\u00e9sar et Alexandre le Grand.<\/p>\r\n\t\t\t\t<img loading=\"lazy\" src=\"https:\/\/napoleon.visitcoruna.com\/wp-content\/uploads\/Sir_John_Moore_by_Sir_Thomas_Lawrence-scaled.jpg\" alt=\"Sir_John_Moore_by_Sir_Thomas_Lawrence\" itemprop=\"image\" height=\"2560\" width=\"2085\" title=\"Sir_John_Moore_by_Sir_Thomas_Lawrence\" onerror=\"this.style.display='none'\"  \/>\r\n\t\t\t<h2>Sir John Moore<\/h2>\r\n\t<p>Le lieutenant g\u00e9n\u00e9ral Sir John Moore na\u00eet \u00e0 Glasgow en 1761 et meurt \u00e0 La Corogne en 1809, lors de la bataille d&rsquo;Elvi\u00f1a. Moore entre dans l&rsquo;arm\u00e9e \u00e0 l\u00b4\u00e2ge de 15 ans et gravi les \u00e9chelons au cours d&rsquo;une longue carri\u00e8re qui le conduit \u00e0 Minorque, la Guerre d&rsquo;Ind\u00e9pendance des \u00c9tats-Unis, la Corse, les Antilles et la r\u00e9volte irlandaise de 1798.<\/p>\r\n<p>Moore est consid\u00e9r\u00e9 comme un militaire comp\u00e9tent et humain. Il est c\u00e9l\u00e8bre pour son expertise en tant qu&rsquo;instructeur de soldats et en tant que premier g\u00e9n\u00e9ral \u00e0 les traiter comme des personnes dans l&rsquo;arm\u00e9e britannique. Sir John Moore est devenu l&rsquo;une des l\u00e9gendes de l&rsquo;arm\u00e9e britannique et ses exploits \u00e0 la t\u00eate de ses troupes poursuivies par la Grande Arm\u00e9e de Napol\u00e9on marquent l&rsquo;un des jalons de l&rsquo;histoire militaire.<\/p>\r\n<p>Au d\u00e9but de la guerre avec la France, il organise la d\u00e9fense d&rsquo;un secteur de la c\u00f4te anglaise en pr\u00e9vision d&rsquo;un d\u00e9barquement fran\u00e7ais. Une fois le danger \u00e9cart\u00e9, il sert dans la Baltique pendant un certain temps, avant de se voir confier le commandement des forces britanniques dans la p\u00e9ninsule ib\u00e9rique.<\/p>\r\n<p>Moore d\u00e9barque \u00e0 Lisbonne avec l&rsquo;ordre d&rsquo;\u00e9tablir une t\u00eate de pont dans les Asturies, mais d\u00e9cide de joindre son arm\u00e9e avec l&rsquo;arm\u00e9e espagnole et de passer \u00e0 l&rsquo;offensive. \u00c0 la fin de 1808, Moore est isol\u00e9 et le gros de l&rsquo;arm\u00e9e imp\u00e9riale fran\u00e7aise est en chasse. Au cours des semaines suivantes, les Britanniques ont forc\u00e9 leur chemin \u00e0 travers les montagnes enneig\u00e9es de Le\u00f3n et le massif galicien, et parviennent \u00e0 entrer dans La Corogne.<\/p>\r\n<p>L&rsquo;historiographie fran\u00e7aise conna\u00eet le retrait de Moore comme\u00a0: La carri\u00e8re de Benavente. Le retrait est compar\u00e9 \u00e0 la fuite d&rsquo;une arm\u00e9e d&rsquo;un pays ennemi\u00a0: le marquis de la Romana a d\u00e9nonc\u00e9 les actes de pillage et les crimes commis par les troupes de Moore contre la population, malgr\u00e9 les tentatives des officiers pour r\u00e9tablir la discipline. Dans ses lettres au commandement, John Moore exprime son \u00e9tonnement devant la d\u00e9gradation du comportement de ses propres troupes lors de leur retraite.<\/p>\r\n<p>La derni\u00e8re \u00e9tape de l&rsquo;\u00e9vacuation des troupes se d\u00e9roule en face de La Corogne\u00a0: Moore lance une bataille d\u00e9fensive pour prot\u00e9ger le rembarquement, en profitant de l&rsquo;orographie de la p\u00e9riph\u00e9rie de la ville. Lors d&rsquo;une visite d&rsquo;inspection des lignes, Moore est touch\u00e9 par un boulet de canon qui le blesse \u00e0 mort.<\/p>\r\n\t<p>L&rsquo;\u00c9cossais tombe de son cheval et reste conscient bien que seule la veste de combat garde le bras attach\u00e9 au corps. \u00ab\u00a0Oui, je suis mortellement bless\u00e9\u00a0\u00bb a-t-il expliqu\u00e9 au colonel Graham. Moore meurt quelques heures plus tard dans la maison d&rsquo;un commer\u00e7ant de La Corogne, avec le temps d\u00b4apprendre le succ\u00e8s de l&rsquo;exp\u00e9dition et de dire au revoir aux personnes pr\u00e9sentes.<\/p>\r\n<p>Les Highlanders enterrent Moore pendant la nuit, dans une tombe provisoire, au pied du bastion de Saint-Charles. Le mar\u00e9chal Soult, lorsqu\u00b4il prend la ville, marque l&rsquo;endroit avec une inscription. Les cendres de Moore reposent aujourd&rsquo;hui \u00e0 quelques m\u00e8tres de la tombe originale, dans le monument \u00e9rig\u00e9 des ann\u00e9es plus tard, dans le jardin de St Charles.<\/p>\r\n<p>Il reste comme sujet de d\u00e9bat entre les historiens et les pan\u00e9gyristes, d&rsquo;une affinit\u00e9 ou d&rsquo;une autre, de d\u00e9terminer si Moore a \u00e9t\u00e9 ou non un h\u00e9ros, pour s\u00b4\u00eatre \u00e9chapp\u00e9 avec les restes de son arm\u00e9e. Le fait est qu&rsquo;il a r\u00e9ussi, dans un environnement hostile et dans des conditions inf\u00e9rieures, \u00e0 sauver une grande partie de son arm\u00e9e qui a \u00e9t\u00e9 vitale pour le d\u00e9veloppement de la guerre. Ces m\u00eames troupes ont ensuite combattu \u00e0 Waterloo. Sa mort \u00e9pique \u00e0 La Corogne et sa volont\u00e9 d&rsquo;y \u00eatre enterr\u00e9 marquent une relation entre la Corogne et Moore qui s&rsquo;\u00e9tendra au-del\u00e0 de sa propre vie.<\/p>\r\n\t\t\t<h2>Le Mar\u00e9chal Soult<\/h2>\r\n\t<p>Pour valoriser \u00e9quitablement un g\u00e9n\u00e9ral napol\u00e9onien, toujours sous l&rsquo;ombre allong\u00e9e du corse, il s&rsquo;av\u00e8re utile de mesurer la nature du rang de mar\u00e9chal et comment le fils d&rsquo;un notaire le m\u00e9rita\u00a0: Jean-de-Dieu Soult (1769-1851).<\/p>\r\n<p>Bonaparte avait le don de choisir le bon personnel pour chaque travail. Plus de 2000 g\u00e9n\u00e9raux participent aux guerres napol\u00e9oniennes et Bonaparte n&rsquo;en promeut que 26 pour le rang de mar\u00e9chal. Sauf quatre nominations honorifiques, les 22 g\u00e9n\u00e9raux restants, comme Soult, gagnent leur b\u00e2ton de mar\u00e9chal sur le champ de bataille.<\/p>\r\n<p>Le jeune Soult n&rsquo;est pas attir\u00e9 par le monde du droit et s&rsquo;engage \u00e0 16 ans (1785). Pendant les guerres r\u00e9volutionnaires, avec le futur mar\u00e9chal Mass\u00e9na comme mentor, il passe de sergent \u00e0 g\u00e9n\u00e9ral de brigade en trois ans. Soult est un sp\u00e9cialiste de la tactique et de l&rsquo;entra\u00eenement des troupes ; il est surnomm\u00e9 \u00ab\u00a0Bras de fer\u00a0\u00bb, en raison de la duret\u00e9 de la pr\u00e9paration de son corps exp\u00e9ditionnaire pour envahir l&rsquo;Angleterre.<\/p>\r\n<p>Soult re\u00e7oit sa canne de mar\u00e9chal en 1804, ann\u00e9e de l&rsquo;auto-proclamation de Napol\u00e9on comme Empereur. Bonaparte sait r\u00e9compenser ses subordonn\u00e9s et cr\u00e9e pour eux des titres nobiliaires sur mesure, comme le duch\u00e9 de Dalmatie qui d\u00e9tient Soult. En Espagne, les Britanniques qui subissent sa pers\u00e9cution jusqu&rsquo;\u00e0 La Corogne le surnomment \u00ab\u00a0Duke of damnation\u00a0\u00bb, \u00ab\u00a0Duc de la damnation\u00a0\u00bb.<\/p>\r\n<p>La moiti\u00e9 des mar\u00e9chaux de l&rsquo;Empire sont bless\u00e9s au combat. On reproche \u00e0 Soult de diriger l&rsquo;arm\u00e9e loin du front, comme en t\u00e9moigne son d\u00e9ploiement lent et prudent lors de la bataille de La Corogne. Soult se battait en premi\u00e8re ligne jusqu&rsquo;en 1800, quand il est encercl\u00e9 \u00e0 G\u00eanes et tente de briser le si\u00e8ge. Soult m\u00e8ne l&rsquo;assaut des lignes autrichiennes, se prend une balle dans le genou et tombe prisonnier ; il languit pendant des jours dans un h\u00f4pital et subit des souffrances qui le marquent \u00e0 vie. D\u00e8s lors, il dirige ses troupes depuis l&rsquo;\u00e9tat-major.<\/p>\r\n<p>Le principal d\u00e9faut de Soult est le vol compulsif de tout objet de valeur qu&rsquo;il a \u00e0 port\u00e9e de main. En Espagne, il gagne un autre surnom\u00a0: \u00ab\u00a0El roba-cuadros\u00a0\u00bb(le voleur de tableaux). Lorsque ses troupes occupent une ville, des \u0153uvres d&rsquo;art disparaissent des \u00e9glises et des maisons riches pour r\u00e9appara\u00eetre en d\u00e9corant son domicile parisien.<\/p>\r\n\t\t\t\t<img loading=\"lazy\" src=\"https:\/\/napoleon.visitcoruna.com\/wp-content\/uploads\/Jean-de-Dieu_Soult.jpg\" alt=\"Jean-de-Dieu_Soult\" itemprop=\"image\" height=\"906\" width=\"736\" title=\"Jean-de-Dieu_Soult\" onerror=\"this.style.display='none'\"  \/>\r\n\t<p>La longue liste de services du mar\u00e9chal Soult est en dents de scie : de sa participation d\u00e9cisive \u00e0 la victoire d&rsquo;Austerlitz, \u00e0 l&rsquo;ind\u00e9cision qui contribue au d\u00e9sastre de Waterloo. De la domination de l&rsquo;Espagne et une partie du Portugal, jusqu&rsquo;\u00e0 la d\u00e9faite et la retraite par les Pyr\u00e9n\u00e9es. De sa loyaut\u00e9 envers l&rsquo;Empereur \u00e0 sa chute en disgr\u00e2ce et sa r\u00e9habilitation en tant que ministre de la nouvelle dynastie r\u00e9gnante.<\/p>\r\n<p>Dans un classement imaginaire des mar\u00e9chaux napol\u00e9oniens, Soult serait proche du sommet, peut-\u00eatre \u00e0 \u00e9galit\u00e9 de m\u00e9rite avec le volcanique Ney, et juste derri\u00e8re l&rsquo;implacable Lannes, le c\u00e9r\u00e9bral Berthier et l&rsquo;invaincu Davout.<\/p>\r\n<p>Soult, en conclusion, est un des rares mar\u00e9chaux \u00e0 qui Napol\u00e9on permet d&rsquo;agir de sa propre initiative. Selon les r\u00e9cits des t\u00e9moins des pr\u00e9paratifs d&rsquo;Austerlitz, lorsque l&rsquo;Empereur a donn\u00e9 les derniers ordres \u00e0 ses mar\u00e9chaux, il s\u00b4est tourn\u00e9 vers Soult et lui a indiqu\u00e9\u00a0: \u00ab\u00a0Quant \u00e0 vous, Soult, je vous dis seulement : agissez comme d&rsquo;habitude\u00a0\u00bb.<\/p>\r\n\t\t\t\t<img loading=\"lazy\" src=\"https:\/\/napoleon.visitcoruna.com\/wp-content\/uploads\/Lieutenant_General_Sir_John_Hope_1765-1836.jpg\" alt=\"Sir Henry Raeburn, Lt. General Sir John Hope, 1765 - 1836.\" itemprop=\"image\" height=\"1000\" width=\"820\" title=\"Sir Henry Raeburn, Lt. General Sir John Hope, 1765 - 1836.\" onerror=\"this.style.display='none'\"  \/>\r\n\t\t\t<h2>Sir John Hope<\/h2>\r\n\t<p>L&rsquo;\u00c9cossais Sir John Hope (1765-1823), IVe comte de Hopetoun, est un g\u00e9n\u00e9ral et un homme politique \u00e9cossais avec un r\u00f4le de premier plan dans la retraite de Moore et la bataille de La Corogne. Hope a servi au Caire et \u00e0 la bataille d&rsquo;Alexandrie (1801) o\u00f9 il a affront\u00e9 Napol\u00e9on dans la mythique campagne d&rsquo;\u00c9gypte. Plus tard, il a command\u00e9 la premi\u00e8re division en Espagne pendant la Guerre d&rsquo;Ind\u00e9pendance aussi appel\u00e9e Campagne d\u00b4Espagne.<\/p>\r\n<p>En 1808, en tant que lieutenant du g\u00e9n\u00e9ral Moore, il participe \u00e0 la retraite hivernale de l&rsquo;arm\u00e9e britannique d&rsquo;Astorga \u00e0 La Corogne. Le corps exp\u00e9ditionnaire britannique avait entrepris une fuite vers les ports de Galice pour \u00e9chapper \u00e0 l&rsquo;arm\u00e9e des mar\u00e9chaux Soult et Ney. La bataille d&rsquo;Elvi\u00f1a, en janvier 1809, est une tentative d\u00e9sesp\u00e9r\u00e9e de contenir l&rsquo;avanc\u00e9e fran\u00e7aise pendant que les troupes embarquent pour La Corogne.<\/p>\r\n<p>John Hope dispose ses forces sur la route royale de Betanzos, \u00e0 c\u00f4t\u00e9 de la r\u00e9serve de Lord Paget. L&rsquo;\u00c9cossais est contraint de commander l&rsquo;arm\u00e9e lorsque le g\u00e9n\u00e9ral Moore meurt, car le g\u00e9n\u00e9ral Baird, commandant en second, est lui aussi gri\u00e8vement bless\u00e9.<\/p>\r\n<p>Hope d\u00e9cide de s&rsquo;en tenir au plan initial de Moore : vers 21 heures, il ordonne un retrait silencieux des troupes et leur embarquement sous couvert de l&rsquo;obscurit\u00e9. Les Anglais laissent une petite force sur le champ de bataille, allumant des feux et pr\u00e9tendant tenir les lignes pour combattre au matin.<\/p>\r\n<p>Lorsque Soult d\u00e9couvre le pi\u00e8ge, il change l&#8217;emplacement d&rsquo;une batterie et commence \u00e0 bombarder les transports, mais seuls quatre sont endommag\u00e9s et le gros de l&rsquo;arm\u00e9e britannique s&rsquo;\u00e9chappe. L&rsquo;\u00e9vacuation r\u00e9ussie de Hope lui vaut le titre de chevalier accord\u00e9 par le roi George III.<\/p>\r\n<p>Au milieu de l&rsquo;ann\u00e9e 1809, Sir John Hope participe \u00e0 l&rsquo;exp\u00e9dition rat\u00e9e de Walcheren en Flandre. Sous le commandement de Lord Chatham. Hope commande les troupes de r\u00e9serve.<\/p>\r\n\t<p>Le lieutenant-g\u00e9n\u00e9ral John Hope combat \u00e0 nouveau le mar\u00e9chal Soult en 1813, cette fois \u00e0 la t\u00eate de la premi\u00e8re division sous le commandement du duc de Wellington. John Hope participe \u00e0 l&rsquo;invasion de la France lors des batailles de la Nivelle, \u00e0 la fronti\u00e8re franco-espagnole, \u00e0 celle de Nive et au si\u00e8ge de Bayonne en 1814.<\/p>\r\n<p>Lors de la bataille de Bayonne, consid\u00e9r\u00e9e comme la derni\u00e8re de la Guerre d&rsquo;Ind\u00e9pendance (Campagne d\u00b4Espagne), John Hope est bless\u00e9 et fait prisonnier ; cependant, la lutte se termine par la reddition des Fran\u00e7ais \u00e0 la nouvelle de l&rsquo;abdication de Napol\u00e9on.<\/p>\r\n\t\t\t<h2>Mariscal Ney<\/h2>\r\n\t<p>Le mar\u00e9chal Ney (1769-1815), duc d&rsquo;Elchingen et prince de Moscovie, a obtenu son rang et ses titres de noblesse sur la ligne de front du champ de bataille. Lorsque Bonaparte r\u00e9tablit le rang de mar\u00e9chal en 1804, il choisit les 18 meilleurs g\u00e9n\u00e9raux pour l&rsquo;occuper et Michel Ney, fils d&rsquo;un tonnelier lorrain, en fait partie.<\/p>\r\n<p>Militaire d\u00e8s l&rsquo;\u00e2ge de 18 ans, Ney gravit rapidement les \u00e9chelons gr\u00e2ce \u00e0 ses propres m\u00e9rites. Infatigable et v\u00e9h\u00e9ment, Ney pouvait mener des charges de cavalerie apr\u00e8s avoir \u00e9t\u00e9 bless\u00e9 ou prot\u00e9ger \u00e0 pied l&rsquo;arri\u00e8re-garde avec une poign\u00e9e d&rsquo;hommes, sabre \u00e0 la main contre les cosaques. Le temp\u00e9rament de Ney lui vaut l&rsquo;adoration de ses soldats et l\u00b4inimiti\u00e9 de ses coll\u00e8gues mar\u00e9chaux.<\/p>\r\n<p>Les \u00e9tats de service de Ney comprennent les principales campagnes et batailles des guerres napol\u00e9oniennes : Hohenlinden, Friedland, Jena, Eylau, Borodino, Smolensk, Leipzig, Waterloo et autres.<\/p>\r\n<p>Ney commande un corps d&rsquo;arm\u00e9e pendant l&rsquo;invasion de l&rsquo;Espagne en 1808 et participe \u00e0 la poursuite de l&rsquo;arm\u00e9e anglaise de Moore jusqu&rsquo;\u00e0 la Corogne. Le mar\u00e9chal passe deux ans plong\u00e9 dans une terrible guerre d&rsquo;usure en Espagne. La gu\u00e9rilla et les envahisseurs entrent dans une escalade d&rsquo;atrocit\u00e9s que les Fran\u00e7ais tentent de r\u00e9soudre en r\u00e9primant la population. Ney est l&rsquo;un des personnages les plus d\u00e9test\u00e9s de Galice au point que, 212 ans plus tard, subsiste la coutume de donner son nom aux chiens des maisons.<\/p>\r\n<p>Dans la guerre p\u00e9ninsulaire, Ney finit par se retrouver en d\u00e9saccord avec Soult, Mass\u00e9na et le Roi Joseph Ier Bonaparte. Ils ont m\u00eame engag\u00e9 un combat au sabre l&rsquo;un contre l&rsquo;autre. Cette inimiti\u00e9 et ce manque de coordination marqueront le r\u00e9sultat de la poursuite de Sir John Moore par les troupes de Napol\u00e9on. Lorsque Soult lance l&rsquo;attaque en comptant que Ney soutiendra de son c\u00f4t\u00e9, ce soutien n&rsquo;arrive jamais. Napol\u00e9on rel\u00e8ve Ney, mais son ostracisme est de courte dur\u00e9e et il dirige un corps d&rsquo;arm\u00e9e dans l&rsquo;invasion de la Russie.<\/p>\r\n<p>D\u00e9sabus\u00e9 par Napol\u00e9on pour son commandement dans la Russie en guerre, Ney dirige le groupe de mar\u00e9chaux qui force Napol\u00e9on \u00e0 abdiquer apr\u00e8s la bataille de Leipzig.<\/p>\r\n\t\t\t\t<img loading=\"lazy\" src=\"https:\/\/napoleon.visitcoruna.com\/wp-content\/uploads\/1814px-Marechal_Ney.jpg\" alt=\"Michel Ney, Marshall of the French Empire, Duc of Elchingen, Prince of Moscow .*oil on canvas .*65 x 55 cm .*1812\" itemprop=\"image\" height=\"2160\" width=\"1814\" title=\"1814px-Marechal_Ney\" onerror=\"this.style.display='none'\"  \/>\r\n\t<p>Durant son essor, Michel Ney n&rsquo;avait que moins de pouvoir que la famille Bonaparte, les princes et les ministres d&rsquo;\u00c9tat. Cependant, la vieille aristocratie qui retourne en France avec Louis XVIII d\u00e9daigne sa famille pour son origine roturi\u00e8re. Ce m\u00e9pris a influenc\u00e9 la d\u00e9cision de Ney qui d\u00e9cide de retourner aupr\u00e8s de Bonaparte et sera la cause de sa perte.<\/p>\r\n<p>La bravoure de Ney d\u00e9g\u00e9n\u00e8re en comportement irr\u00e9fl\u00e9chi lorsqu\u00b4il n&rsquo;a pas de commandement sup\u00e9rieur capable de le guider. Ney prouve cette attitude pour la derni\u00e8re fois \u00e0 Waterloo\u00a0: il agit seul et dirige quatre charges contre les cadres de l&rsquo;infanterie anglaise jusqu&rsquo;\u00e0 ce qu&rsquo;il n&rsquo;ait plus de troupes et tombe prisonnier.<\/p>\r\n<p>Ney est jug\u00e9 en France pour trahison et condamn\u00e9 \u00e0 mort pour donner l&rsquo;exemple aux sympathisants bonapartistes. Dans une fin digne de sa figure, Ney renonce refuse d&rsquo;avoir les yeux band\u00e9s et donne l&rsquo;ordre de tirer au peloton d&rsquo;ex\u00e9cution.<\/p>\r\n\t\t\t\t<img loading=\"lazy\" src=\"https:\/\/napoleon.visitcoruna.com\/wp-content\/uploads\/Pedro_Caro_y_Sureda_marque\u0301s_de_la_Romana_Museo_del_Prado-scaled.jpg\" alt=\"Pedro_Caro_y_Sureda,_marque\u0301s_de_la_Romana_(Museo_del_Prado)\" itemprop=\"image\" height=\"2560\" width=\"1881\" title=\"Pedro_Caro_y_Sureda,_marque\u0301s_de_la_Romana_(Museo_del_Prado)\" onerror=\"this.style.display='none'\"  \/>\r\n\t\t\t<h2>Marquis de la Romana<\/h2>\r\n\t<p>Le majorquin Pedro Caro Sureda (1761-1811), IIIe Marquis de la Romana, fut un capitaine g\u00e9n\u00e9ral qui combattit dans la Guerre d&rsquo;Ind\u00e9pendance.<\/p>\r\n<p>Pedro Caro s&rsquo;est engag\u00e9 dans la marine en 1775 en tant qu&rsquo;aspirant. Entre autres actions, il participe \u00e0 la reconqu\u00eate de Mahon et au si\u00e8ge de Gibraltar. En 1793, il s&rsquo;engage dans l&rsquo;arm\u00e9e comme lieutenant-colonel, et l&rsquo;ann\u00e9e suivante, il est promu mar\u00e9chal de camp et participe \u00e0 la guerre contre la Convention. En 1800, il atteint le grade de capitaine g\u00e9n\u00e9ral de Catalogne et, pendant la Guerre d&rsquo;Ind\u00e9pendance, il est promu capitaine g\u00e9n\u00e9ral.<\/p>\r\n<p>En 1807, le trait\u00e9 d&rsquo;alliance avec la France oblige l&rsquo;Espagne \u00e0 fournir une division pour prot\u00e9ger la c\u00f4te danoise d&rsquo;un d\u00e9barquement anglais. Le marquis fait partie de l&rsquo;exp\u00e9dition et du soul\u00e8vement du 2 mai 1808 et l&rsquo;occupation qui s&rsquo;ensuivit surprend les Espagnols dispers\u00e9s dans des cantonnements au Danemark. Le marquis con\u00e7oit un plan pour retourner en Espagne avec le soutien de la Royal Navy. Malgr\u00e9 le d\u00e9lai de proc\u00e9dure de Kindel\u00e1n, Pedro Caro parvient \u00e0 rapatrier 9 110 soldats, tandis que 5 193 restent prisonniers des Fran\u00e7ais.<\/p>\r\n<p>Pendant son s\u00e9jour \u00e0 Astorga, le 11 novembre 1808, Pedro Caro est nomm\u00e9 g\u00e9n\u00e9ral en chef de l&rsquo;Arm\u00e9e de Gauche et capitaine g\u00e9n\u00e9ral de Castille, Le\u00f3n, Galice et Asturies. Ce jour-l\u00e0, les Espagnols sont d\u00e9faits \u00e0 Espinosa de Los Monteros et l&rsquo;arm\u00e9e fuit en deux colonnes vers les Asturies et Le\u00f3n.<\/p>\r\n<p>Le g\u00e9n\u00e9ral Moore arrive en Espagne alors que Pedro Caro est \u00e0 Le\u00f3n, occup\u00e9 \u00e0 former et \u00e0 r\u00e9organiser les restes de son arm\u00e9e. Les conflits sont fr\u00e9quents entre des g\u00e9n\u00e9raux de pays traditionnellement ennemis qui proposent des strat\u00e9gies oppos\u00e9es pour mener la guerre. Les reproches se multiplient pendant la retraite de Moore vers La Corogne, et le marquis adresse un rapport \u00e0 la Junte Centrale avec le r\u00e9cit des crimes commis contre la population par les troupes britanniques, comme si la retraite se faisait dans pays ennemi.<\/p>\r\n<p>Alors que la plupart des g\u00e9n\u00e9raux britanniques et espagnols lancent des batailles traditionnelles entre grandes unit\u00e9s, le marquis estime inutile d&rsquo;affronter ses soldats nouvellement recrut\u00e9s contre l&rsquo;arm\u00e9e la mieux entra\u00een\u00e9e d&rsquo;Europe, command\u00e9e par des mar\u00e9chaux aussi comp\u00e9tents que Soult. Apr\u00e8s la retraite anglaise, Pedro Caro se retire dans les Asturies et organise les gu\u00e9rillas. Pendant les deux ann\u00e9es qu&rsquo;il commande son arm\u00e9e, le Marquis attaque constamment les Fran\u00e7ais tout en \u00e9vitant la grande bataille rang\u00e9e dont ils avaient besoin pour l&rsquo;an\u00e9antir. Un an\u00e9vrisme fulminant tue Pedro Castro en janvier\u00a01811, alors qu&rsquo;il dirige une avanc\u00e9e de ses troupes depuis le Portugal.<\/p>\r\n\t\t\t<h2>Mendiz\u00e1bal<\/h2>\r\n\t<p>Gabriel Mar\u00eda de Mendiz\u00e1bal Yraeta (1764-1833) fut un mar\u00e9chal espagnol de la Guerre d&rsquo;Ind\u00e9pendance.<\/p>\r\n<p>Mendiz\u00e1bal est issu d&rsquo;une famille de Guipuzcoa qui s&rsquo;est enrichie gr\u00e2ce au commerce avec la Nouvelle Espagne. Le jeune homme dispose de fonds et de la protection de personnages importants et arrive \u00e0 Madrid \u00e0 l&rsquo;\u00e2ge de 13 ans pour entrer dans la carri\u00e8re militaire. Mendiz\u00e1bal est promu capitaine en 1791, et sergent-major (\u00e9quivalent \u00e0 l&rsquo;\u00e9poque \u00e0 major) en 1794.<\/p>\r\n<p>Gabriel Mendiz\u00e1bal a particip\u00e9 \u00e0 la guerre du Roussillon contre la France jacobine (1793-1795) et a exerc\u00e9 comme second commandant du bataillon de Volontaires du Guip\u00fazcoa, recrut\u00e9 pour arr\u00eater l&rsquo;invasion fran\u00e7aise de la province.<\/p>\r\n<p>Gabriel Mendiz\u00e1bal s&rsquo;est distingu\u00e9 sous le commandement du g\u00e9n\u00e9ral Ricardos et du marquis de la Romana pendant la Guerre d&rsquo;Ind\u00e9pendance. Mendiz\u00e1bal a obtenu des promotions successives de brigadier (1808) et de mar\u00e9chal de camp (1809) pour ses performances dans les actions de Villafranca del Bierzo et Alba de Tormes.<\/p>\r\n<p>En 1809, le marquis ordonne \u00e0 Mendiz\u00e1bal de devenir fort dans la ville de Puente de Domingo Fl\u00f3rez, dans la Cabrera Baja Leonesa. Mendiz\u00e1bal r\u00e9siste \u00e0 l&rsquo;assaut de la cavalerie du g\u00e9n\u00e9ral Franceschi-Delonne et provoque sa retraite vers El Bierzo. Une fois le danger \u00e9cart\u00e9, Mendiz\u00e1bal quitte la ville et arrive \u00e0 Ponte Bibei pour prot\u00e9ger le Quartier G\u00e9n\u00e9ral de la Romana.<\/p>\r\n<p>Le 17 mars 1809, le brigadier Mendiz\u00e1bal dirige une attaque de 1 500 miliciens mal arm\u00e9s contre les 1 000 Fran\u00e7ais en garnison dans le ch\u00e2teau de Villafranca del Bierzo. Mendiz\u00e1bal rend la ville apr\u00e8s seulement 4 heures d&rsquo;escarmouches.<\/p>\r\n<p>En f\u00e9vrier\u00a01811, Mendiz\u00e1bal subit une co\u00fbteuse d\u00e9faite quand il ignore le plan de bataille pour briser le si\u00e8ge fran\u00e7ais de Badajoz. La bataille de G\u00e9vora est une catastrophe pour les forces combin\u00e9es de l&rsquo;Espagne, du Portugal et de l&rsquo;Angleterre face \u00e0 une arm\u00e9e fran\u00e7aise moins nombreuse. Le grand nombre de victimes et de prisonniers, ainsi que l&rsquo;\u00e9chec du commandement de Mendiz\u00e1bal, entra\u00eenent son discr\u00e9dit et l&rsquo;\u00e9loignement des postes de responsabilit\u00e9 dans l&rsquo;arm\u00e9e.<\/p>\r\n\t\t\t\t<img loading=\"lazy\" src=\"https:\/\/napoleon.visitcoruna.com\/wp-content\/uploads\/mendizabal2.jpg\" alt=\"mendizabal2\" itemprop=\"image\" height=\"769\" width=\"640\" title=\"mendizabal2\" onerror=\"this.style.display='none'\"  \/>\r\n\t<p>Gabriel Mendiz\u00e1bal est r\u00e9habilit\u00e9 au cours des mois suivants pour ses actions sur le front Basque-Navarre et re\u00e7oit la promotion de lieutenant g\u00e9n\u00e9ral. Dans la phase finale de la guerre, il participe aux d\u00e9fenses d&rsquo;Ir\u00fan et de Tolosa et \u00e0 la bataille de Saint Martial.<\/p>\r\n<p>Mendiz\u00e1bal re\u00e7oit les principales d\u00e9corations espagnoles apr\u00e8s la guerre, et un nouveau titre de noblesse a \u00e9t\u00e9 cr\u00e9\u00e9 pour lui : comte de Cuadro de Alba de Tormes. Apr\u00e8s la guerre, il occupe divers postes \u00e0 l&rsquo;\u00e9tat-major de l&rsquo;arm\u00e9e et est nomm\u00e9 pr\u00e9sident de la Cour Supr\u00eame de Guerre et de Marine jusqu&rsquo;\u00e0 sa mort en 1833.<\/p>\r\n\t\t\t\t<img loading=\"lazy\" src=\"https:\/\/napoleon.visitcoruna.com\/wp-content\/uploads\/diego-del-barco.jpg\" alt=\"diego-del-barco\" itemprop=\"image\" height=\"1063\" width=\"502\" title=\"diego-del-barco\" onerror=\"this.style.display='none'\"  \/>\r\n\t\t\t<h2>Diego del Barco<\/h2>\r\n\t<p>Diego Jos\u00e9 del Barco y de la Cendeja (1779 -1814) \u00e9tait un brigadier d&rsquo;artillerie de la Corogne qui a particip\u00e9 de mani\u00e8re distingu\u00e9e \u00e0 la Guerre d&rsquo;Ind\u00e9pendance (Campagne d\u00b4Espagne). Diego del Barco est n\u00e9 le 12 novembre 1779 au num\u00e9ro 49 de la Calle Real de La Corogne. Fils d&rsquo;un officier ayant particip\u00e9 \u00e0 l&rsquo;exp\u00e9dition Balmis \u00e0 bord de la corvette Mar\u00eda Pita, Diego suit la tradition familiale et opte pour une carri\u00e8re militaire.<\/p>\r\n<p>Le jeune Diego del Barco entre au Coll\u00e8ge Royal d&rsquo;Artillerie de S\u00e9govie en 1796 et au cours de la d\u00e9cennie suivante, il gravit sur les \u00e9chelons de commandement des officiers\u00a0: sous-lieutenant en 1779, lieutenant en 1802 et, un mois avant le d\u00e9but de la Guerre d&rsquo;Ind\u00e9pendance, le 2\u00a0avril\u00a01808, il obtient le grade de capitaine. Pendant la guerre, il participe \u00e0 une vingtaine de batailles et engagements qui lui valent des promotions et des reconnaissances successives\u00a0:<\/p>\r\n<p>Juillet 1808. Diego del Barco commande les 20 canons qui composent l&rsquo;artillerie espagnole \u00e0 la bataille de Medina de Rioseco (bataille de Mocl\u00edn). Ses canons prot\u00e9gent la retraite des restes de l&rsquo;arm\u00e9e face \u00e0 la poursuite des forces du mar\u00e9chal Bessi\u00e8res.<\/p>\r\n<p>Au d\u00e9but de 1810, avec le grade de Lieutenant-Colonel, Diego del Barco est bless\u00e9 et captur\u00e9 par la cavalerie de Kellerman apr\u00e8s la bataille d&rsquo;Alba de Tormes. Il parvient \u00e0 s&rsquo;\u00e9chapper et retourne \u00e0 La Corogne, o\u00f9 il reprend le service le 3\u00a0f\u00e9vrier.<\/p>\r\n<p>En octobre\u00a01811, Diego del Barco dirige l&rsquo;artillerie pendant le si\u00e8ge fran\u00e7ais de Sagunto. Apr\u00e8s la reddition de la ville au mar\u00e9chal Suchet, Del Barco est \u00e0 nouveau fait prisonnier. Diego del Barco s&rsquo;\u00e9chappe une fois de plus et atteint les lignes espagnoles \u00e0 Cadix. De Cadix, il retourne en Galice et rejoint la 6e arm\u00e9e espagnole.<\/p>\r\n<ol start=\"1812\">\r\n<li>Diego del Barco commande l&rsquo;artillerie espagnole pendant la reconqu\u00eate d&rsquo;Astorga et est promu Brigadier. Il re\u00e7oit \u00e9galement le commandement d&rsquo;une brigade d&rsquo;infanterie et participe \u00e0 l&rsquo;offensive finale de Wellington qui expulse les envahisseurs de la p\u00e9ninsule. Del Barco parvient \u00e0 p\u00e9n\u00e9trer en territoire fran\u00e7ais lors de la poursuite de l&rsquo;arm\u00e9e imp\u00e9riale en retraite.<\/li>\r\n<li>Diego del Barco se voit confier la mission d&rsquo;expulser les Fran\u00e7ais des fortifications de Santo\u00f1a et de Laredo. Face \u00e0 l&rsquo;imminente capitulation fran\u00e7aise, le gouvernement espagnol craint que les deux fortifications espagnoles ne soient revendiqu\u00e9es par les Britanniques comme un nouveau Gibraltar dans le Golfe de Gascogne.<\/li>\r\n<\/ol>\r\n<p>Malgr\u00e9 le manque de moyens pour rendre les fortifications, Diego del Barco m\u00e8ne l&rsquo;assaut sur Laredo. Dans la nuit du 21\u00a0f\u00e9vrier\u00a01814, Diego del Barco est gri\u00e8vement bless\u00e9 par l\u00b4\u00e9clat d&rsquo;une grenade au sommet du Rastrillar. Diego del Barco est \u00e9vacu\u00e9 \u00e0 Colindres et meurt de gangr\u00e8ne le 26\u00a0f\u00e9vrier\u00a01814. Laredo se rend le lendemain<\/p>\r\n\t\t\t<h2>Manigault-Gaulois<\/h2>\r\n\t<p>Joseph Yves Manigault-Gaulois (1770-1809) \u00e9tait l&rsquo;un de ces rares g\u00e9n\u00e9raux qui m\u00e9ritaient l&rsquo;estime de ses soldats, de ses coll\u00e8gues officiers et de ses rivaux sur le champ de bataille.<\/p>\r\n<p>Fils d&rsquo;un tavernier, Joseph Yves Manigault-Gaulois s&rsquo;engage dans l&rsquo;arm\u00e9e \u00e0 l&rsquo;\u00e2ge de 18 ans en 1791. \u00c0 une \u00e9poque o\u00f9 l&rsquo;on gravit les \u00e9chelons de l&rsquo;arm\u00e9e au m\u00e9rite, quelle que soit son origine, Manigault-Gaulois devient l&rsquo;arch\u00e9type du soldat de la France r\u00e9volutionnaire.<\/p>\r\n<p>Les guerres incessantes de l&rsquo;\u00e9poque fournissent \u00e0 Gaulois l\u00b4occasions de montrer son efficacit\u00e9, tant \u00e0 l&rsquo;\u00e9tat-major que sur le champ de bataille. En 1792, il est promu de sous-lieutenant \u00e0 lieutenant ; l&rsquo;ann\u00e9e suivante, il devient capitaine et en 1794 chef de bataillon. En mai 1803, Manigault-Gaulois est promu colonel et en ao\u00fbt il est nomm\u00e9 g\u00e9n\u00e9ral de brigade.<\/p>\r\n<p>Manigault-Gaulois se distingue par son comportement chevaleresque \u00e0 plusieurs reprises. Pendant les guerres r\u00e9volutionnaires, il sauva de l&rsquo;ex\u00e9cution trois anciens compagnons d&rsquo;\u00e9tudes qu&rsquo;il reconnut lors de la prise de Coblence. Le militaire leur a obtenu des passeports et leur a permis de s&rsquo;\u00e9chapper. Un autre r\u00e9cit indique que le militaire aurait re\u00e7u une cal\u00e8che tir\u00e9e par quatre chevaux en cadeau pour \u00e9viter le pillage d&rsquo;un somptueux couvent de moines, aurait vendu le cadeau et distribu\u00e9 l&rsquo;argent parmi ses soldats.<\/p>\r\n<p>En novembre\u00a01808, Manigault-Gaulois rejoint le Mar\u00e9chal Soult comme commandant de la 1\u00e8re Brigade de la 1\u00e8re Division du IIe Corps d&rsquo;Arm\u00e9e. \u00c0 la fin de cette ann\u00e9e, le g\u00e9n\u00e9ral de brigade Manigault-Gaulois re\u00e7oit des \u00e9loges pour son comportement et sa discipline de la part de Napol\u00e9on lui-m\u00eame lors d&rsquo;une revue de troupes \u00e0 Burgos. Les paroles suivantes sont attribu\u00e9es \u00e0 l&rsquo;Empereur\u00a0: \u00ab\u00a0G\u00e9n\u00e9ral, je suis content avec vous. Depuis longtemps, je n&rsquo;ai re\u00e7u que des \u00e9loges sur votre conduite ; vous recevrez bient\u00f4t des t\u00e9moignages de ma satisfaction\u00a0\u00bb.<\/p>\r\n<p>Peu apr\u00e8s cet \u00e9pisode, la 1\u00e8re division re\u00e7oit l&rsquo;ordre de se d\u00e9placer \u00e0 La Corogne pour d\u00e9truire l&rsquo;arm\u00e9e de Moore avant son \u00e9vacuation. Dans l&rsquo;apr\u00e8s-midi du 16 janvier 1809, le mar\u00e9chal Soult ordonne la prise du village d&rsquo;Elvi\u00f1a, pr\u00e8s de La Corogne.<\/p>\r\n\t\t\t\t<img loading=\"lazy\" src=\"https:\/\/napoleon.visitcoruna.com\/wp-content\/uploads\/Manigault-Gaulois.jpg\" alt=\"Manigault-Gaulois\" itemprop=\"image\" height=\"554\" width=\"502\" title=\"Manigault-Gaulois\" onerror=\"this.style.display='none'\"  \/>\r\n\t<p>La place change de mains \u00e0 plusieurs reprises pendant les combats entre les 42e et 50e r\u00e9giments d&rsquo;infanterie de ligne britanniques et l&rsquo;une des brigades de la division Mermet, command\u00e9e par Manigault-Gaulois. Lors de sa participation au combat, Joseph Yves Manigault-Gaulois re\u00e7oit une balle mortelle dans la t\u00eate. Apr\u00e8s la bataille, la d\u00e9pouille du g\u00e9n\u00e9ral Manigault-Gaulois est trait\u00e9e avec consid\u00e9ration et regret et re\u00e7oit les honneurs fun\u00e8bres \u00e0 Saint-Jacques-de-Compostelle.<\/p>\r\n\r\n","protected":false},"excerpt":{"rendered":"<p>Protagonistes Napole\u00f3n Sir John Moore Jean de Dieu Soult Sir John Hope Michel Ney La Romana Mendiz\u00e1bal Diego del Barco Manigault-Gaulois Napole\u00f3n Napol\u00e9on Bonaparte (1769-1821) est l&rsquo;un des tr\u00e8s rares personnages \u00e0 marquer un tournant dans l&rsquo;histoire. La biographie de Bonaparte offre \u00e0 tous \u00e9gards les preuves de sa grandeur, tant \u00e0 ses d\u00e9tracteurs qu&rsquo;\u00e0 [&hellip;]<\/p>\n","protected":false},"author":2,"featured_media":0,"parent":0,"menu_order":0,"comment_status":"closed","ping_status":"closed","template":"","meta":{"site-sidebar-layout":"no-sidebar","site-content-layout":"page-builder","ast-site-content-layout":"default","site-content-style":"default","site-sidebar-style":"default","ast-global-header-display":"","ast-banner-title-visibility":"","ast-main-header-display":"","ast-hfb-above-header-display":"","ast-hfb-below-header-display":"","ast-hfb-mobile-header-display":"","site-post-title":"disabled","ast-breadcrumbs-content":"","ast-featured-img":"disabled","footer-sml-layout":"","theme-transparent-header-meta":"enabled","adv-header-id-meta":"","stick-header-meta":"default","header-above-stick-meta":"","header-main-stick-meta":"","header-below-stick-meta":"","astra-migrate-meta-layouts":"default","ast-page-background-enabled":"default","ast-page-background-meta":{"desktop":{"background-color":"","background-image":"","background-repeat":"repeat","background-position":"center center","background-size":"auto","background-attachment":"scroll","background-type":"","background-media":"","overlay-type":"","overlay-color":"","overlay-opacity":"","overlay-gradient":""},"tablet":{"background-color":"","background-image":"","background-repeat":"repeat","background-position":"center center","background-size":"auto","background-attachment":"scroll","background-type":"","background-media":"","overlay-type":"","overlay-color":"","overlay-opacity":"","overlay-gradient":""},"mobile":{"background-color":"","background-image":"","background-repeat":"repeat","background-position":"center center","background-size":"auto","background-attachment":"scroll","background-type":"","background-media":"","overlay-type":"","overlay-color":"","overlay-opacity":"","overlay-gradient":""}},"ast-content-background-meta":{"desktop":{"background-color":"var(--ast-global-color-5)","background-image":"","background-repeat":"repeat","background-position":"center center","background-size":"auto","background-attachment":"scroll","background-type":"","background-media":"","overlay-type":"","overlay-color":"","overlay-opacity":"","overlay-gradient":""},"tablet":{"background-color":"var(--ast-global-color-5)","background-image":"","background-repeat":"repeat","background-position":"center center","background-size":"auto","background-attachment":"scroll","background-type":"","background-media":"","overlay-type":"","overlay-color":"","overlay-opacity":"","overlay-gradient":""},"mobile":{"background-color":"var(--ast-global-color-5)","background-image":"","background-repeat":"repeat","background-position":"center center","background-size":"auto","background-attachment":"scroll","background-type":"","background-media":"","overlay-type":"","overlay-color":"","overlay-opacity":"","overlay-gradient":""}}},"yoast_head":"<!-- This site is optimized with the Yoast SEO plugin v17.9 - https:\/\/yoast.com\/wordpress\/plugins\/seo\/ -->\n<title>John Moore et Jean de Dieu Soult, protagonistes de la Campagne d\u00b4Espagne \u00e0 La Corogne<\/title>\n<meta name=\"description\" content=\"La pers\u00e9cution et le combat de John Moore et de Jean de Dieu Soult sur leur chemin vers la Corogne pendant la Guerre d&#039;Espagne. La tombe de Sir John Moore dans les Jardins de Saint Charles.\" \/>\n<meta name=\"robots\" content=\"index, follow, max-snippet:-1, max-image-preview:large, max-video-preview:-1\" \/>\n<link rel=\"canonical\" href=\"https:\/\/napoleon.visitcoruna.com\/fr\/protagonistes\/\" \/>\n<meta property=\"og:locale\" content=\"fr_FR\" \/>\n<meta property=\"og:type\" content=\"article\" \/>\n<meta property=\"og:title\" content=\"John Moore et Jean de Dieu Soult, protagonistes de la Campagne d\u00b4Espagne \u00e0 La Corogne\" \/>\n<meta property=\"og:description\" content=\"La pers\u00e9cution et le combat de John Moore et de Jean de Dieu Soult sur leur chemin vers la Corogne pendant la Guerre d&#039;Espagne. La tombe de Sir John Moore dans les Jardins de Saint Charles.\" \/>\n<meta property=\"og:url\" content=\"https:\/\/napoleon.visitcoruna.com\/fr\/protagonistes\/\" \/>\n<meta property=\"og:site_name\" content=\"Route historique Napol\u00e9on Sir John Moore La Corogne\" \/>\n<meta property=\"article:modified_time\" content=\"2022-01-18T09:23:03+00:00\" \/>\n<meta property=\"og:image\" content=\"https:\/\/napoleon.visitcoruna.com\/wp-content\/uploads\/napoleon-fr.jpg\" \/>\n<meta name=\"twitter:card\" content=\"summary\" \/>\n<meta name=\"twitter:label1\" content=\"Dur\u00e9e de lecture estim\u00e9e\" \/>\n\t<meta name=\"twitter:data1\" content=\"24 minutes\" \/>\n<script type=\"application\/ld+json\" class=\"yoast-schema-graph\">{\"@context\":\"https:\/\/schema.org\",\"@graph\":[{\"@type\":\"WebSite\",\"@id\":\"https:\/\/napoleon.visitcoruna.com\/#website\",\"url\":\"https:\/\/napoleon.visitcoruna.com\/\",\"name\":\"Route historique Napol\\u00e9on Sir John Moore La Corogne\",\"description\":\"Points d'int\\u00e9r\\u00eat touristique \\u00e0 La Corogne \\u00e0 l'\\u00e9poque napol\\u00e9onienne et la guerre d'ind\\u00e9pendance\",\"potentialAction\":[{\"@type\":\"SearchAction\",\"target\":{\"@type\":\"EntryPoint\",\"urlTemplate\":\"https:\/\/napoleon.visitcoruna.com\/?s={search_term_string}\"},\"query-input\":\"required name=search_term_string\"}],\"inLanguage\":\"fr-FR\"},{\"@type\":\"ImageObject\",\"@id\":\"https:\/\/napoleon.visitcoruna.com\/fr\/protagonistes\/#primaryimage\",\"inLanguage\":\"fr-FR\",\"url\":\"https:\/\/napoleon.visitcoruna.com\/wp-content\/uploads\/napoleon-fr.jpg\",\"contentUrl\":\"https:\/\/napoleon.visitcoruna.com\/wp-content\/uploads\/napoleon-fr.jpg\",\"width\":1080,\"height\":1080},{\"@type\":\"WebPage\",\"@id\":\"https:\/\/napoleon.visitcoruna.com\/fr\/protagonistes\/#webpage\",\"url\":\"https:\/\/napoleon.visitcoruna.com\/fr\/protagonistes\/\",\"name\":\"John Moore et Jean de Dieu Soult, protagonistes de la Campagne d\\u00b4Espagne \\u00e0 La Corogne\",\"isPartOf\":{\"@id\":\"https:\/\/napoleon.visitcoruna.com\/#website\"},\"primaryImageOfPage\":{\"@id\":\"https:\/\/napoleon.visitcoruna.com\/fr\/protagonistes\/#primaryimage\"},\"datePublished\":\"2021-12-07T10:08:56+00:00\",\"dateModified\":\"2022-01-18T09:23:03+00:00\",\"description\":\"La pers\\u00e9cution et le combat de John Moore et de Jean de Dieu Soult sur leur chemin vers la Corogne pendant la Guerre d'Espagne. La tombe de Sir John Moore dans les Jardins de Saint Charles.\",\"breadcrumb\":{\"@id\":\"https:\/\/napoleon.visitcoruna.com\/fr\/protagonistes\/#breadcrumb\"},\"inLanguage\":\"fr-FR\",\"potentialAction\":[{\"@type\":\"ReadAction\",\"target\":[\"https:\/\/napoleon.visitcoruna.com\/fr\/protagonistes\/\"]}]},{\"@type\":\"BreadcrumbList\",\"@id\":\"https:\/\/napoleon.visitcoruna.com\/fr\/protagonistes\/#breadcrumb\",\"itemListElement\":[{\"@type\":\"ListItem\",\"position\":1,\"name\":\"Portada\",\"item\":\"https:\/\/napoleon.visitcoruna.com\/fr\/\"},{\"@type\":\"ListItem\",\"position\":2,\"name\":\"Protagonistes\"}]}]}<\/script>\n<!-- \/ Yoast SEO plugin. -->","yoast_head_json":{"title":"John Moore et Jean de Dieu Soult, protagonistes de la Campagne d\u00b4Espagne \u00e0 La Corogne","description":"La pers\u00e9cution et le combat de John Moore et de Jean de Dieu Soult sur leur chemin vers la Corogne pendant la Guerre d'Espagne. La tombe de Sir John Moore dans les Jardins de Saint Charles.","robots":{"index":"index","follow":"follow","max-snippet":"max-snippet:-1","max-image-preview":"max-image-preview:large","max-video-preview":"max-video-preview:-1"},"canonical":"https:\/\/napoleon.visitcoruna.com\/fr\/protagonistes\/","og_locale":"fr_FR","og_type":"article","og_title":"John Moore et Jean de Dieu Soult, protagonistes de la Campagne d\u00b4Espagne \u00e0 La Corogne","og_description":"La pers\u00e9cution et le combat de John Moore et de Jean de Dieu Soult sur leur chemin vers la Corogne pendant la Guerre d'Espagne. La tombe de Sir John Moore dans les Jardins de Saint Charles.","og_url":"https:\/\/napoleon.visitcoruna.com\/fr\/protagonistes\/","og_site_name":"Route historique Napol\u00e9on Sir John Moore La Corogne","article_modified_time":"2022-01-18T09:23:03+00:00","og_image":[{"url":"https:\/\/napoleon.visitcoruna.com\/wp-content\/uploads\/napoleon-fr.jpg"}],"twitter_card":"summary","twitter_misc":{"Dur\u00e9e de lecture estim\u00e9e":"24 minutes"},"schema":{"@context":"https:\/\/schema.org","@graph":[{"@type":"WebSite","@id":"https:\/\/napoleon.visitcoruna.com\/#website","url":"https:\/\/napoleon.visitcoruna.com\/","name":"Route historique Napol\u00e9on Sir John Moore La Corogne","description":"Points d'int\u00e9r\u00eat touristique \u00e0 La Corogne \u00e0 l'\u00e9poque napol\u00e9onienne et la guerre d'ind\u00e9pendance","potentialAction":[{"@type":"SearchAction","target":{"@type":"EntryPoint","urlTemplate":"https:\/\/napoleon.visitcoruna.com\/?s={search_term_string}"},"query-input":"required name=search_term_string"}],"inLanguage":"fr-FR"},{"@type":"ImageObject","@id":"https:\/\/napoleon.visitcoruna.com\/fr\/protagonistes\/#primaryimage","inLanguage":"fr-FR","url":"https:\/\/napoleon.visitcoruna.com\/wp-content\/uploads\/napoleon-fr.jpg","contentUrl":"https:\/\/napoleon.visitcoruna.com\/wp-content\/uploads\/napoleon-fr.jpg","width":1080,"height":1080},{"@type":"WebPage","@id":"https:\/\/napoleon.visitcoruna.com\/fr\/protagonistes\/#webpage","url":"https:\/\/napoleon.visitcoruna.com\/fr\/protagonistes\/","name":"John Moore et Jean de Dieu Soult, protagonistes de la Campagne d\u00b4Espagne \u00e0 La Corogne","isPartOf":{"@id":"https:\/\/napoleon.visitcoruna.com\/#website"},"primaryImageOfPage":{"@id":"https:\/\/napoleon.visitcoruna.com\/fr\/protagonistes\/#primaryimage"},"datePublished":"2021-12-07T10:08:56+00:00","dateModified":"2022-01-18T09:23:03+00:00","description":"La pers\u00e9cution et le combat de John Moore et de Jean de Dieu Soult sur leur chemin vers la Corogne pendant la Guerre d'Espagne. La tombe de Sir John Moore dans les Jardins de Saint Charles.","breadcrumb":{"@id":"https:\/\/napoleon.visitcoruna.com\/fr\/protagonistes\/#breadcrumb"},"inLanguage":"fr-FR","potentialAction":[{"@type":"ReadAction","target":["https:\/\/napoleon.visitcoruna.com\/fr\/protagonistes\/"]}]},{"@type":"BreadcrumbList","@id":"https:\/\/napoleon.visitcoruna.com\/fr\/protagonistes\/#breadcrumb","itemListElement":[{"@type":"ListItem","position":1,"name":"Portada","item":"https:\/\/napoleon.visitcoruna.com\/fr\/"},{"@type":"ListItem","position":2,"name":"Protagonistes"}]}]}},"_links":{"self":[{"href":"https:\/\/napoleon.visitcoruna.com\/fr\/wp-json\/wp\/v2\/pages\/3494"}],"collection":[{"href":"https:\/\/napoleon.visitcoruna.com\/fr\/wp-json\/wp\/v2\/pages"}],"about":[{"href":"https:\/\/napoleon.visitcoruna.com\/fr\/wp-json\/wp\/v2\/types\/page"}],"author":[{"embeddable":true,"href":"https:\/\/napoleon.visitcoruna.com\/fr\/wp-json\/wp\/v2\/users\/2"}],"replies":[{"embeddable":true,"href":"https:\/\/napoleon.visitcoruna.com\/fr\/wp-json\/wp\/v2\/comments?post=3494"}],"version-history":[{"count":1,"href":"https:\/\/napoleon.visitcoruna.com\/fr\/wp-json\/wp\/v2\/pages\/3494\/revisions"}],"predecessor-version":[{"id":3806,"href":"https:\/\/napoleon.visitcoruna.com\/fr\/wp-json\/wp\/v2\/pages\/3494\/revisions\/3806"}],"wp:attachment":[{"href":"https:\/\/napoleon.visitcoruna.com\/fr\/wp-json\/wp\/v2\/media?parent=3494"}],"curies":[{"name":"wp","href":"https:\/\/api.w.org\/{rel}","templated":true}]}}