{"id":3495,"date":"2021-12-03T11:30:27","date_gmt":"2021-12-03T10:30:27","guid":{"rendered":"https:\/\/napoleon.open-ideas.info\/batallas\/"},"modified":"2022-01-18T10:22:48","modified_gmt":"2022-01-18T09:22:48","slug":"batailles","status":"publish","type":"page","link":"https:\/\/napoleon.visitcoruna.com\/fr\/batailles\/","title":{"rendered":"Batailles"},"content":{"rendered":"\r\n\r\n\t\t\t<h1>Batailles<\/h1>\t\t\t\r\n\t<nav aria-label=\"Menu batallas (FR)\" itemscope=\"itemscope\" itemtype=\"https:\/\/schema.org\/SiteNavigationElement\">\r\n\t\t<ul id=\"menu-menu-batallas-fr\"><li id=\"menu-item-3481\"><a href=\"#Cacabelos\" tabindex=\"0\" role=\"link\">Cacabelos<\/a><\/li><li id=\"menu-item-3482\"><a href=\"#Lugo\" tabindex=\"0\" role=\"link\">Lugo<\/a><\/li><li id=\"menu-item-3483\"><a href=\"#Elvina\" tabindex=\"0\" role=\"link\">La bataille de La Corogne(ou bataille d&rsquo;Elvi\u00f1a)<\/a><\/li><li id=\"menu-item-3484\"><a href=\"#Ferrol\" tabindex=\"0\" role=\"link\">Ferrol<\/a><\/li><li id=\"menu-item-3485\"><a href=\"#Betanzos\" tabindex=\"0\" role=\"link\">Betanzos<\/a><\/li><\/ul>\r\n\t\t\t<\/nav>\r\n\t\t\t<h2>Le Combat de Cacabelos<\/h2><h5>Aux portes de la Galice <\/h5>\r\n\t<p>Au cours de l&rsquo;hiver 1808, le corps exp\u00e9ditionnaire du g\u00e9n\u00e9ral Moore se retire vers les ports d&rsquo;\u00e9vacuation de la Galice. Napol\u00e9on et le mar\u00e9chal Soult dirigent une arm\u00e9e de poursuite qui tente d\u00b4engager une bataille d\u00e9cisive pour d\u00e9truire les Britanniques. Le 3 janvier 1809, les deux arm\u00e9es entrent en contact dans la ville bercienne de Cacabelos.<\/p>\r\n<p>La premi\u00e8re mesure prise par le G\u00e9n\u00e9ral Moore d\u00e8s son arriv\u00e9e \u00e0 la ville de Cacabelos consiste \u00e0 rassembler les troupes et faire une s\u00e9v\u00e8re r\u00e9primande : \u00ab L&rsquo;ennemi a d\u00e9j\u00e0 pris Bembibre et a obtenu un \u00e9trange butin : des centaines d&rsquo;Anglais ivres et l\u00e2ches \u00bb, reproche Moore. Le G\u00e9n\u00e9ral Paget, subordonn\u00e9 de Moore, poursuit rapidement les pillards\u00a0: pendaison rapide sur la place. Cependant, Paget accepte comme garantie de gr\u00e2ce la parole d&rsquo;honneur de certains condamn\u00e9s qui ont jur\u00e9 de se r\u00e9former.<\/p>\r\n<p>La sc\u00e8ne biblique de la conversion de quelques vauriens en \u00eatres vertueux lorsqu\u00b4ils sentent, litt\u00e9ralement, une corde de chanvre autour de leur cou, est interrompue par l&rsquo;avertissement d&rsquo;un cavalier : l&rsquo;arm\u00e9e fran\u00e7aise arrive, dirig\u00e9e par Auguste Fran\u00e7ois-Marie de Colbert-Chabanais arrive, un jeune g\u00e9n\u00e9ral de 31 ans.<\/p>\r\n<p>Moore ordonne une retraite vers le pont de Cacabelos : un petit groupe de tirailleurs reste dans le village pour harceler Colbert, et le gros de l&rsquo;arm\u00e9e traverse le pont et se met \u00e0 l&rsquo;abri le long de la rive.<\/p>\r\n<p>L&rsquo;assaut commence \u00e0 trois heures de l&rsquo;apr\u00e8s-midi. Les troupes de Moore r\u00e9sistent aux assauts de l&rsquo;avant-garde fran\u00e7aise apr\u00e8s de violents combats dans la zone du pont, de l&rsquo;\u00c9glise de Las Angustias et du moulin. L&rsquo;appui d&rsquo;artillerie des batteries situ\u00e9es dans la ville de Pieros et sur la butte de Castro Ventosa est d\u00e9cisif. Les Fran\u00e7ais r\u00e9ussissent \u00e0 prendre le pont, mais doivent battre en retraite et se regrouper. Le g\u00e9n\u00e9ral Colbert est abattu d&rsquo;une balle dans la t\u00eate par le sniper Thomas Plunket.<\/p>\r\n<p>Le deuxi\u00e8me assaut commence \u00e0 cinq heures de l&rsquo;apr\u00e8s-midi. Les Fran\u00e7ais passent la rivi\u00e8re \u00e0 gu\u00e9 sur une plage fluviale en aval et d\u00e9mant\u00e8lent les Anglais qui d\u00e9fendent cette rive. Moore les renforce avec des soldats du pont et le g\u00e9n\u00e9ral fran\u00e7ais Merle en profite pour tenter de le reprendre. Une fois encore, l&rsquo;artillerie britannique contrecarre l&rsquo;attaque du pont et les Fran\u00e7ais sur la plage traversent la rivi\u00e8re pour rejoindre leurs lignes.<\/p>\r\n<p>La nuit arr\u00eate les combats et Moore recourt au stratag\u00e8me qui sauvera la situation \u00e0 Elvi\u00f1a deux semaines plus tard : les soldats allument des feux de camp pour faire semblant d\u00b4y passer la nuit pendant qu&rsquo;ils entreprennent leur retraite.<\/p>\r\n<p>La bataille de Cacabelos se termine avec deux cents morts de chaque c\u00f4t\u00e9 et une victoire strat\u00e9gique pour Moore, qui \u00e9vite la destruction de son arm\u00e9e et poursuit la marche vers la Galice.<\/p>\r\n\t\t\t<h2>Le combat de Lugo<\/h2>\r\n\t<p>Le 7 janvier 1809, quatre jours apr\u00e8s la bataille de Cacabelos, l&rsquo;arm\u00e9e fran\u00e7aise atteint le corps exp\u00e9ditionnaire du g\u00e9n\u00e9ral Moore \u00e0 Lugo. Moore a battu en retraite depuis le mois pr\u00e9c\u00e9dent, lorsqu&rsquo;il a d\u00e9couvert qu\u00b4il est harcel\u00e9 par le gros de la Grande Arm\u00e9e d\u00e9ploy\u00e9e en Espagne.<\/p>\r\n<p>Depuis Sahag\u00fan, le g\u00e9n\u00e9ral entame une course d\u00e9sesp\u00e9r\u00e9e vers les ports d&rsquo;\u00e9vacuation de Galice. \u00c0 marche forc\u00e9e, son arm\u00e9e de 25 000 hommes traverse les montagnes de Le\u00f3n et le massif galicien dans des conditions hivernales terribles. Les Anglais abandonnent l\u00b4\u00e9quipement, les munitions et m\u00eame les caisses avec les soldes des soldats : tout objet qui retarde la fuite. \u00c0 la hauteur de Lugo, Moore a d\u00e9j\u00e0 perdu 5 000 soldats \u00e0 cause de maladies, des d\u00e9sertions et d\u00b4escarmouches avec l&rsquo;arm\u00e9e de Soult.<\/p>\r\n<p>La d\u00e9moralisation se r\u00e9pand, tout comme les pillages dans les villages travers\u00e9s par les troupes de Moore. Inform\u00e9 de l&rsquo;existence d&rsquo;une bonne position d\u00e9fensive \u00e0 Conturiz, pr\u00e8s de Lugo, il d\u00e9cide d&rsquo;attendre l&rsquo;avant-garde fran\u00e7aise et de combattre afin de r\u00e9tablir le moral et la discipline.<\/p>\r\n<p>Moore r\u00e9partit plus de 19 000 hommes entre le fleuve Mi\u00f1o et le village de Castroverde. La rivi\u00e8re prot\u00e8ge sa droite et l\u00b4orographie prot\u00e8ge sa gauche : il ne peut recevoir qu\u00b4une attaque frontale sur un terrain difficile. L&rsquo;\u00c9cossais sait que Soult dispose de 25 000 soldats distribu\u00e9s en six divisions, mais ils marchent en une longue colonne et il n&rsquo;a pas toutes les unit\u00e9s \u00e0 sa disposition en m\u00eame temps.<\/p>\r\n<p>Dans l&rsquo;apr\u00e8s-midi du 5 janvier, le mar\u00e9chal Soult arrive avec 12 000 hommes de O Corgo. Soult peut \u00e0 peine distinguer l&rsquo;ordre de bataille britannique par manque de lumi\u00e8re et ne sait pas \u00e0 quoi il fait face. Sa position d\u00e9fensive sur O Corgo \u00e9tant forte, il d\u00e9cide d&rsquo;attendre l&rsquo;arriv\u00e9e de son convoi d&rsquo;artillerie et de la division du g\u00e9n\u00e9ral Heudelet.<\/p>\r\n<p>La bataille commence le 7 avec une attaque de t\u00e2tonnement par les troupes du g\u00e9n\u00e9ral Reynaud contre le flanc du Minho, d\u00e9fendu par Baird. L\u00b4attaque suivante vient de l&rsquo;aile droite fran\u00e7aise, lorsque la cavalerie du g\u00e9n\u00e9ral Franceschi-Delonne s&rsquo;engage avec la cavalerie anglaise de Lord Henry Paget, le h\u00e9ros de la bataille de Sahag\u00fan.<\/p>\r\n<p>La troisi\u00e8me attaque est men\u00e9e par le g\u00e9n\u00e9ral Merle contre le village de Vilanova, au centre, et se heurte \u00e0 la d\u00e9fense tenace du g\u00e9n\u00e9ral Hope. Les combats se terminent et les deux arm\u00e9es conservent leurs positions initiales : les pertes fran\u00e7aises s&rsquo;\u00e9l\u00e8vent \u00e0 trois cents, parmi les morts et les bless\u00e9s, et les Britanniques \u00e0 une cinquantaine.<\/p>\r\n<p>Le lendemain, Moore ordonne l&rsquo;abattage de cinq cents chevaux et la destruction de cent chariots de munitions ; ses soldats en profitent pour piller quelques maisons \u00e0 Lugo. Comme l&rsquo;explique le marquis de la Romagne : \u00ab\u00a0En Galice, l&rsquo;arm\u00e9e anglaise a procur\u00e9 plus d&rsquo;ennemis \u00e0 la nation britannique qu&rsquo;\u00e0 la France elle-m\u00eame\u00a0\u00bb.<\/p>\r\n<p>Le 9 d\u00e9cembre arrive. Les forces britanniques l\u00e8vent le camp et reprennent leur retrait.<\/p>\r\n\t\t\t\t<img loading=\"lazy\" src=\"https:\/\/napoleon.visitcoruna.com\/wp-content\/uploads\/batallas-fr.jpg\" alt=\"batallas-fr\" itemprop=\"image\" height=\"900\" width=\"2500\" title=\"batallas-fr\" onerror=\"this.style.display='none'\"  \/>\r\n\t\t\t<h2>La bataille de La Corogne<br \/>(ou bataille d&rsquo;Elvi\u00f1a) <\/h2>\r\n\t<p>11 janvier 1809. Une arm\u00e9e britannique d\u00e9mantel\u00e9e entre dans La Corogne pour d\u00e9couvrir qu&rsquo;il n&rsquo;y a aucun navire d&rsquo;\u00e9vacuation dans le port. La Royal Navy reste mouill\u00e9e \u00e0 Vigo, incapable de remonter la c\u00f4te atlantique en raison d&rsquo;une temp\u00eate dans le Finisterre. Le g\u00e9n\u00e9ral Sir John Moore devra retenir l&rsquo;arm\u00e9e du mar\u00e9chal Soult pendant quatre jours, le temps que la flotte arrive.<\/p>\r\n<p>John Moore commande une force qui a perdu un homme sur cinq, dans sa fuite de Sahag\u00fan au Golfe de Gascogne, lors d\u00b4un rude hiver. Du c\u00f4t\u00e9 espagnol, la garnison de La Corogne est partie en \u00e9t\u00e9 pour rejoindre l&rsquo;arm\u00e9e r\u00e9guli\u00e8re et seuls quelques centaines d&rsquo;artilleurs et la milice citoyenne d\u00e9fendent la place.<\/p>\r\n<p>Moore doit prot\u00e9ger son arri\u00e8re-garde pendant l&#8217;embarquement et concentre ses r\u00e9giments v\u00e9t\u00e9rans en trois lignes \u00e9chelonn\u00e9es devant l&rsquo;isthme d&rsquo;acc\u00e8s \u00e0 la ville : le mont Santa Margarita, juste \u00e0 l&rsquo;entr\u00e9e, le village d&rsquo;Oza et le mont Mero, \u00e0 3 kilom\u00e8tres<\/p>\r\n<p>Le 14 janvier, une flotte d&rsquo;\u00e9vacuation de 100 navires arrive et l&#8217;embarquement commence le 15 janvier.\u00a0 L&rsquo;avant-garde de l&rsquo;arm\u00e9e imp\u00e9riale appara\u00eet ce jour-l\u00e0, mais il faut attendre le 16 \u00e0 midi pour que Soult fasse d\u00e9ployer ses troupes. Apr\u00e8s un nouveau retard, les batteries fran\u00e7aises ouvrent le feu vers deux heures de l&rsquo;apr\u00e8s-midi.<\/p>\r\n<p>Le village d&rsquo;Elvi\u00f1a fait obstacle \u00e0 l&rsquo;attaque fran\u00e7aise sur son flanc gauche. Les Fran\u00e7ais ont besoin de l&rsquo;occuper autant que les Britanniques ont besoin de le maintenir. La f\u00e9rocit\u00e9 du corps \u00e0 corps se fait sentir dans les rues et les maisons d&rsquo;Elvi\u00f1a, qui change plusieurs fois de mains au cours des trois heures suivantes.<\/p>\r\n<p>\u00c0 14 h 30, un boulet de canon frappe Moore, lui fracturant les c\u00f4tes au-dessus du c\u0153ur et lui arrachant une partie de l&rsquo;\u00e9paule et de la clavicule gauche. Ses officiers d&rsquo;\u00e9tat-major et un groupe de Highlanders le retirent loin du front sur une civi\u00e8re de fortune.<\/p>\r\n<p>Les attaques fran\u00e7aises se succ\u00e8dent tout le long de la ligne britannique et les contre-attaques suivent pour colmater les br\u00e8ches. Lors d&rsquo;une avanc\u00e9e imp\u00e9riale, les dragons fran\u00e7ais atteignent le mont Sainte Marguerite et se battent avec les Highlanders\u00a0; lors d&rsquo;une avanc\u00e9e britannique, ils parviennent \u00e0 capturer quelques canons fran\u00e7ais \u00e0 Pe\u00f1arredonda, mais doivent se battre en retraite et les abandonner.<\/p>\r\n<p>Les troupes regagnent leurs positions de d\u00e9part vers 17h30, au coucher du soleil. A partir de l\u00e0, seuls des coups de feu sporadiques sont tir\u00e9s. A l&rsquo;abri de la nuit, les Britanniques recourent au m\u00eame stratag\u00e8me qu&rsquo;\u00e0 Lugo : ils feignent avec des feux de joie qu&rsquo;ils passeront la nuit dans leurs positions pour combattre le lendemain, mais ils se faufilent jusqu&rsquo;au port et parviennent \u00e0 s\u00b4enfuir sur des bateaux.<\/p>\r\n<p>Moore, en phase pr\u00e9-agonique, ne pouvait pas atteindre son quartier g\u00e9n\u00e9ral \u00e0 Pescader\u00eda ; il est accueilli chez un marchand local et l\u00e0, expire vers huit heures de la nuit, apr\u00e8s avoir dict\u00e9 ses derni\u00e8res volont\u00e9s et avoir \u00e9t\u00e9 inform\u00e9 du succ\u00e8s de l&rsquo;\u00e9vacuation.<\/p>\r\n<p>Le g\u00e9n\u00e9ral anglais Hope compte, parmi les morts, les bless\u00e9s et les prisonniers, 700 de ses propres victimes et 2000 victimes ennemies ; du c\u00f4t\u00e9 fran\u00e7ais, ils admettent environ 1200 victimes dans leurs rangs.<\/p>\r\n<p>La Corogne capitule le 19 janvier : 18 000 soldats d\u00b4une arm\u00e9e qui en comptait 25 000 le mois pr\u00e9c\u00e9dent, parviennent \u00e0 \u00e9chapper. En Angleterre, la mort au combat de Moore transforme la critique de sa d\u00e9sastreuse campagne en pan\u00e9gyriques et Sir John Moore et la bataille d&rsquo;Elvi\u00f1a entrent dans l&rsquo;histoire comme l&rsquo;une des plus importantes batailles de la Guerre d&rsquo;Ind\u00e9pendance.<\/p>\r\n\t\t\t<h2>Bataille de Ferrol<\/h2>\r\n\t<p>Fin janvier\u00a01809, apr\u00e8s la bataille d&rsquo;Elvi\u00f1a et la capitulation de La Corogne, le mar\u00e9chal Soult charge le g\u00e9n\u00e9ral Mermet de prendre Ferrol.<\/p>\r\n<p>L&rsquo;assaut par mer de Ferrol est trop complexe, mais l&rsquo;arm\u00e9e imp\u00e9riale avance par voie terrestre. Le manque d&rsquo;information cr\u00e9e un climat d&rsquo;instabilit\u00e9 dans la ville menac\u00e9e, car ils en arrivent \u00e0 croire que c&rsquo;est la derni\u00e8re ville espagnole qui reste \u00e0 conqu\u00e9rir par l&rsquo;arm\u00e9e fran\u00e7aise.<\/p>\r\n<p>La population et les 300 soldats qui gardent les forts sont favorables \u00e0 la r\u00e9sistance, comme ils l&rsquo;ont fait contre les troupes de la Seconde Coalition en 1800 lors de la bataille de Briones. Les autorit\u00e9s civiles et militaires sont favorables \u00e0 la capitulation. Joaqu\u00edn Hidalgo gouverne Ferrol et Francisco Melgarejo est le chef d\u00b4escadre : tous deux savaient que les r\u00e9serves de vivres pour six jours, l&rsquo;obsolescence des fortifications et leur mauvais \u00e9tat de conservation n\u00b4invitent pas \u00e0 l&rsquo;optimisme.<\/p>\r\n<p>Le peuple, mena\u00e7ant, impose ses crit\u00e8res pendant quatre jours et r\u00e9siste aux Fran\u00e7ais jusqu&rsquo;\u00e0 la chute des forts de Palma et de San Mart\u00edn. Un navire de ligne, deux fr\u00e9gates et une flottille de canonni\u00e8res d\u00e9fendent Ferrol depuis l&rsquo;estuaire ; leurs tirs harc\u00e8lent les positions fran\u00e7aises, mais ne servent qu\u00b4\u00e0 les retarder. Le choc moral de la perte des forts est aggrav\u00e9 par la vision du d\u00e9but de l&rsquo;excavation des tranch\u00e9es par les sapeurs fran\u00e7ais.<\/p>\r\n<p>Le mar\u00e9chal Soult envoie un parlementaire \u00e0 Ferrol le 23\u00a0janvier\u00a01809. Le lendemain, il r\u00e9sume la situation dans une lettre au mar\u00e9chal Ney\u00a0:<\/p>\r\n<p>\u00ab\u00a0J&rsquo;ai demand\u00e9 au gouverneur la reddition de la place, qui m&rsquo;a demand\u00e9 vingt-quatre heures pour d\u00e9lib\u00e9rer avec le commandant de l&rsquo;Escadre espagnole, la Junte, et le peuple, qui semble exercer son autorit\u00e9 tumultueuse \u00e0 Ferrol\u00a0\u00bb.<\/p>\r\n<p>La premi\u00e8re d\u00e9l\u00e9gation n&rsquo;ayant re\u00e7u aucune r\u00e9ponse, Soult envoie un autre \u00e9missaire 24 heures plus tard. A cette occasion, les autorit\u00e9s espagnoles acceptent les conditions des seconds parlementaires. La capitulation de Ferrol stipule les conditions attendues, avec la remise des \u00e9quipements de l&rsquo;arsenal et des navires de guerre du port. Toutefois, le document comprend une clause inhabituelle dans une capitulation militaire : que les autorit\u00e9s d\u00e9pos\u00e9es reconnaissent la l\u00e9gitimit\u00e9 du roi Joseph Ier Bonaparte.<\/p>\r\n<p>5.000 soldats fran\u00e7ais men\u00e9s par le mar\u00e9chal Soult entrent \u00e0 Ferrol le matin du 27\u00a0janvier\u00a01809. Au nom du nouveau roi fr\u00e8re de l&rsquo;Empereur, le g\u00e9n\u00e9ral Mermet nomme gouverneur du Ferrol le lieutenant-g\u00e9n\u00e9ral Pierre Obreg\u00f3n, un marin \u00ab\u00a0afrancesado\u00a0\u00bb qui \u00e9tait d\u00e9tenu dans la ville depuis mai. Pierre Obreg\u00f3n promu commandant de marine de Joseph Ier, dut quitter l&rsquo;Espagne avec la d\u00e9faite des envahisseurs et mourut en exil.<\/p>\r\n\t\t\t<h2>Betanzos<\/h2>\r\n\t<p>Le retrait de l&rsquo;arm\u00e9e de Moore vers La Corogne est marqu\u00e9 par des pillages des soldats anglais contre la population. Au petit matin du 8 au 9 janvier 1809, l&rsquo;arm\u00e9e se retire de Lugo et, \u00e0 marche forc\u00e9e, gagne une journ\u00e9e d&rsquo;avance sur ses poursuivants fran\u00e7ais.<\/p>\r\n<p>L&rsquo;historiographie britannique rapporte que les deux jours de marche entre Lugo et Betanzos causent plus de pertes parmi les Anglais que celles subies pendant le reste de la retraite d&rsquo;Astorga. Parmi les victimes, on compte des morts par \u00e9puisement, des d\u00e9sertions et des retardataires qui tombent prisonniers ou sous les avant-postes de l&rsquo;avant-garde de Soult.<\/p>\r\n<p>Le g\u00e9n\u00e9ral Moore tenta de r\u00e9tablir la discipline dans ses troupes et, connaissant l&rsquo;existence de caves dans la municipalit\u00e9 de Betanzos, passa outre avec le gros de son arm\u00e9e. Seul un petit contingent de la Garde royale repose \u00e0 Betanzos et Moore donne l&rsquo;ordre de maintenir les soldats cantonn\u00e9s et de ne fouler la rue qu&rsquo;accompagn\u00e9s d&rsquo;un officier responsable de ses actes.<\/p>\r\n<p>Les Fran\u00e7ais entrent \u00e0 Betanzos le 11 janvier 1809 et se consacrent au pillage et aux repr\u00e9sailles contre la population. Une fois les ponts s\u00e9curis\u00e9s pour le passage des troupes de Soult, la poursuite persiste jusqu&rsquo;\u00e0 La Corogne, culminant avec la bataille d&rsquo;Elvi\u00f1a.<\/p>\r\n<p>Pendant des mois, Betanzos est devenu un lieu de passage pour les troupes fran\u00e7aises et, \u00e0 mesure que la guerre progressait, un lieu d&rsquo;ex\u00e9cution des concitoyens et des personnes soup\u00e7onn\u00e9es d&rsquo;appartenir \u00e0 la gu\u00e9rilla.<\/p>\r\n\r\n","protected":false},"excerpt":{"rendered":"<p>Batailles Cacabelos Lugo La bataille de La Corogne(ou bataille d&rsquo;Elvi\u00f1a) Ferrol Betanzos Le Combat de Cacabelos Aux portes de la Galice Au cours de l&rsquo;hiver 1808, le corps exp\u00e9ditionnaire du g\u00e9n\u00e9ral Moore se retire vers les ports d&rsquo;\u00e9vacuation de la Galice. Napol\u00e9on et le mar\u00e9chal Soult dirigent une arm\u00e9e de poursuite qui tente d\u00b4engager une [&hellip;]<\/p>\n","protected":false},"author":2,"featured_media":0,"parent":0,"menu_order":0,"comment_status":"closed","ping_status":"closed","template":"","meta":{"site-sidebar-layout":"no-sidebar","site-content-layout":"page-builder","ast-site-content-layout":"default","site-content-style":"default","site-sidebar-style":"default","ast-global-header-display":"","ast-banner-title-visibility":"","ast-main-header-display":"","ast-hfb-above-header-display":"","ast-hfb-below-header-display":"","ast-hfb-mobile-header-display":"","site-post-title":"disabled","ast-breadcrumbs-content":"","ast-featured-img":"disabled","footer-sml-layout":"","theme-transparent-header-meta":"enabled","adv-header-id-meta":"","stick-header-meta":"default","header-above-stick-meta":"","header-main-stick-meta":"","header-below-stick-meta":"","astra-migrate-meta-layouts":"default","ast-page-background-enabled":"default","ast-page-background-meta":{"desktop":{"background-color":"","background-image":"","background-repeat":"repeat","background-position":"center center","background-size":"auto","background-attachment":"scroll","background-type":"","background-media":"","overlay-type":"","overlay-color":"","overlay-opacity":"","overlay-gradient":""},"tablet":{"background-color":"","background-image":"","background-repeat":"repeat","background-position":"center center","background-size":"auto","background-attachment":"scroll","background-type":"","background-media":"","overlay-type":"","overlay-color":"","overlay-opacity":"","overlay-gradient":""},"mobile":{"background-color":"","background-image":"","background-repeat":"repeat","background-position":"center center","background-size":"auto","background-attachment":"scroll","background-type":"","background-media":"","overlay-type":"","overlay-color":"","overlay-opacity":"","overlay-gradient":""}},"ast-content-background-meta":{"desktop":{"background-color":"var(--ast-global-color-5)","background-image":"","background-repeat":"repeat","background-position":"center center","background-size":"auto","background-attachment":"scroll","background-type":"","background-media":"","overlay-type":"","overlay-color":"","overlay-opacity":"","overlay-gradient":""},"tablet":{"background-color":"var(--ast-global-color-5)","background-image":"","background-repeat":"repeat","background-position":"center center","background-size":"auto","background-attachment":"scroll","background-type":"","background-media":"","overlay-type":"","overlay-color":"","overlay-opacity":"","overlay-gradient":""},"mobile":{"background-color":"var(--ast-global-color-5)","background-image":"","background-repeat":"repeat","background-position":"center center","background-size":"auto","background-attachment":"scroll","background-type":"","background-media":"","overlay-type":"","overlay-color":"","overlay-opacity":"","overlay-gradient":""}}},"yoast_head":"<!-- This site is optimized with the Yoast SEO plugin v17.9 - https:\/\/yoast.com\/wordpress\/plugins\/seo\/ -->\n<title>La bataille de La Corogne dans la Guerre d\u00b4Espagne<\/title>\n<meta name=\"description\" content=\"La bataille de La Corogne, le Dunkerque du XIXe si\u00e8cle, fut l\u2019une des plus importantes batailles de la Guerre d\u2019Ind\u00e9pendance Espagnole et des guerres napol\u00e9oniennes\" \/>\n<meta name=\"robots\" content=\"index, follow, max-snippet:-1, max-image-preview:large, max-video-preview:-1\" \/>\n<link rel=\"canonical\" href=\"https:\/\/napoleon.visitcoruna.com\/fr\/batailles\/\" \/>\n<meta property=\"og:locale\" content=\"fr_FR\" \/>\n<meta property=\"og:type\" content=\"article\" \/>\n<meta property=\"og:title\" content=\"La bataille de La Corogne dans la Guerre d\u00b4Espagne\" \/>\n<meta property=\"og:description\" content=\"La bataille de La Corogne, le Dunkerque du XIXe si\u00e8cle, fut l\u2019une des plus importantes batailles de la Guerre d\u2019Ind\u00e9pendance Espagnole et des guerres napol\u00e9oniennes\" \/>\n<meta property=\"og:url\" content=\"https:\/\/napoleon.visitcoruna.com\/fr\/batailles\/\" \/>\n<meta property=\"og:site_name\" content=\"Route historique Napol\u00e9on Sir John Moore La Corogne\" \/>\n<meta property=\"article:modified_time\" content=\"2022-01-18T09:22:48+00:00\" \/>\n<meta property=\"og:image\" content=\"https:\/\/napoleon.visitcoruna.com\/wp-content\/uploads\/batallas-fr.jpg\" \/>\n<meta name=\"twitter:card\" content=\"summary\" \/>\n<meta name=\"twitter:label1\" content=\"Dur\u00e9e de lecture estim\u00e9e\" \/>\n\t<meta name=\"twitter:data1\" content=\"12 minutes\" \/>\n<script type=\"application\/ld+json\" class=\"yoast-schema-graph\">{\"@context\":\"https:\/\/schema.org\",\"@graph\":[{\"@type\":\"WebSite\",\"@id\":\"https:\/\/napoleon.visitcoruna.com\/#website\",\"url\":\"https:\/\/napoleon.visitcoruna.com\/\",\"name\":\"Route historique Napol\\u00e9on Sir John Moore La Corogne\",\"description\":\"Points d'int\\u00e9r\\u00eat touristique \\u00e0 La Corogne \\u00e0 l'\\u00e9poque napol\\u00e9onienne et la guerre d'ind\\u00e9pendance\",\"potentialAction\":[{\"@type\":\"SearchAction\",\"target\":{\"@type\":\"EntryPoint\",\"urlTemplate\":\"https:\/\/napoleon.visitcoruna.com\/?s={search_term_string}\"},\"query-input\":\"required name=search_term_string\"}],\"inLanguage\":\"fr-FR\"},{\"@type\":\"ImageObject\",\"@id\":\"https:\/\/napoleon.visitcoruna.com\/fr\/batailles\/#primaryimage\",\"inLanguage\":\"fr-FR\",\"url\":\"https:\/\/napoleon.visitcoruna.com\/wp-content\/uploads\/batallas-fr.jpg\",\"contentUrl\":\"https:\/\/napoleon.visitcoruna.com\/wp-content\/uploads\/batallas-fr.jpg\",\"width\":2500,\"height\":900},{\"@type\":\"WebPage\",\"@id\":\"https:\/\/napoleon.visitcoruna.com\/fr\/batailles\/#webpage\",\"url\":\"https:\/\/napoleon.visitcoruna.com\/fr\/batailles\/\",\"name\":\"La bataille de La Corogne dans la Guerre d\\u00b4Espagne\",\"isPartOf\":{\"@id\":\"https:\/\/napoleon.visitcoruna.com\/#website\"},\"primaryImageOfPage\":{\"@id\":\"https:\/\/napoleon.visitcoruna.com\/fr\/batailles\/#primaryimage\"},\"datePublished\":\"2021-12-03T10:30:27+00:00\",\"dateModified\":\"2022-01-18T09:22:48+00:00\",\"description\":\"La bataille de La Corogne, le Dunkerque du XIXe si\\u00e8cle, fut l\\u2019une des plus importantes batailles de la Guerre d\\u2019Ind\\u00e9pendance Espagnole et des guerres napol\\u00e9oniennes\",\"breadcrumb\":{\"@id\":\"https:\/\/napoleon.visitcoruna.com\/fr\/batailles\/#breadcrumb\"},\"inLanguage\":\"fr-FR\",\"potentialAction\":[{\"@type\":\"ReadAction\",\"target\":[\"https:\/\/napoleon.visitcoruna.com\/fr\/batailles\/\"]}]},{\"@type\":\"BreadcrumbList\",\"@id\":\"https:\/\/napoleon.visitcoruna.com\/fr\/batailles\/#breadcrumb\",\"itemListElement\":[{\"@type\":\"ListItem\",\"position\":1,\"name\":\"Portada\",\"item\":\"https:\/\/napoleon.visitcoruna.com\/fr\/\"},{\"@type\":\"ListItem\",\"position\":2,\"name\":\"Batailles\"}]}]}<\/script>\n<!-- \/ Yoast SEO plugin. -->","yoast_head_json":{"title":"La bataille de La Corogne dans la Guerre d\u00b4Espagne","description":"La bataille de La Corogne, le Dunkerque du XIXe si\u00e8cle, fut l\u2019une des plus importantes batailles de la Guerre d\u2019Ind\u00e9pendance Espagnole et des guerres napol\u00e9oniennes","robots":{"index":"index","follow":"follow","max-snippet":"max-snippet:-1","max-image-preview":"max-image-preview:large","max-video-preview":"max-video-preview:-1"},"canonical":"https:\/\/napoleon.visitcoruna.com\/fr\/batailles\/","og_locale":"fr_FR","og_type":"article","og_title":"La bataille de La Corogne dans la Guerre d\u00b4Espagne","og_description":"La bataille de La Corogne, le Dunkerque du XIXe si\u00e8cle, fut l\u2019une des plus importantes batailles de la Guerre d\u2019Ind\u00e9pendance Espagnole et des guerres napol\u00e9oniennes","og_url":"https:\/\/napoleon.visitcoruna.com\/fr\/batailles\/","og_site_name":"Route historique Napol\u00e9on Sir John Moore La Corogne","article_modified_time":"2022-01-18T09:22:48+00:00","og_image":[{"url":"https:\/\/napoleon.visitcoruna.com\/wp-content\/uploads\/batallas-fr.jpg"}],"twitter_card":"summary","twitter_misc":{"Dur\u00e9e de lecture estim\u00e9e":"12 minutes"},"schema":{"@context":"https:\/\/schema.org","@graph":[{"@type":"WebSite","@id":"https:\/\/napoleon.visitcoruna.com\/#website","url":"https:\/\/napoleon.visitcoruna.com\/","name":"Route historique Napol\u00e9on Sir John Moore La Corogne","description":"Points d'int\u00e9r\u00eat touristique \u00e0 La Corogne \u00e0 l'\u00e9poque napol\u00e9onienne et la guerre d'ind\u00e9pendance","potentialAction":[{"@type":"SearchAction","target":{"@type":"EntryPoint","urlTemplate":"https:\/\/napoleon.visitcoruna.com\/?s={search_term_string}"},"query-input":"required name=search_term_string"}],"inLanguage":"fr-FR"},{"@type":"ImageObject","@id":"https:\/\/napoleon.visitcoruna.com\/fr\/batailles\/#primaryimage","inLanguage":"fr-FR","url":"https:\/\/napoleon.visitcoruna.com\/wp-content\/uploads\/batallas-fr.jpg","contentUrl":"https:\/\/napoleon.visitcoruna.com\/wp-content\/uploads\/batallas-fr.jpg","width":2500,"height":900},{"@type":"WebPage","@id":"https:\/\/napoleon.visitcoruna.com\/fr\/batailles\/#webpage","url":"https:\/\/napoleon.visitcoruna.com\/fr\/batailles\/","name":"La bataille de La Corogne dans la Guerre d\u00b4Espagne","isPartOf":{"@id":"https:\/\/napoleon.visitcoruna.com\/#website"},"primaryImageOfPage":{"@id":"https:\/\/napoleon.visitcoruna.com\/fr\/batailles\/#primaryimage"},"datePublished":"2021-12-03T10:30:27+00:00","dateModified":"2022-01-18T09:22:48+00:00","description":"La bataille de La Corogne, le Dunkerque du XIXe si\u00e8cle, fut l\u2019une des plus importantes batailles de la Guerre d\u2019Ind\u00e9pendance Espagnole et des guerres napol\u00e9oniennes","breadcrumb":{"@id":"https:\/\/napoleon.visitcoruna.com\/fr\/batailles\/#breadcrumb"},"inLanguage":"fr-FR","potentialAction":[{"@type":"ReadAction","target":["https:\/\/napoleon.visitcoruna.com\/fr\/batailles\/"]}]},{"@type":"BreadcrumbList","@id":"https:\/\/napoleon.visitcoruna.com\/fr\/batailles\/#breadcrumb","itemListElement":[{"@type":"ListItem","position":1,"name":"Portada","item":"https:\/\/napoleon.visitcoruna.com\/fr\/"},{"@type":"ListItem","position":2,"name":"Batailles"}]}]}},"_links":{"self":[{"href":"https:\/\/napoleon.visitcoruna.com\/fr\/wp-json\/wp\/v2\/pages\/3495"}],"collection":[{"href":"https:\/\/napoleon.visitcoruna.com\/fr\/wp-json\/wp\/v2\/pages"}],"about":[{"href":"https:\/\/napoleon.visitcoruna.com\/fr\/wp-json\/wp\/v2\/types\/page"}],"author":[{"embeddable":true,"href":"https:\/\/napoleon.visitcoruna.com\/fr\/wp-json\/wp\/v2\/users\/2"}],"replies":[{"embeddable":true,"href":"https:\/\/napoleon.visitcoruna.com\/fr\/wp-json\/wp\/v2\/comments?post=3495"}],"version-history":[{"count":1,"href":"https:\/\/napoleon.visitcoruna.com\/fr\/wp-json\/wp\/v2\/pages\/3495\/revisions"}],"predecessor-version":[{"id":3805,"href":"https:\/\/napoleon.visitcoruna.com\/fr\/wp-json\/wp\/v2\/pages\/3495\/revisions\/3805"}],"wp:attachment":[{"href":"https:\/\/napoleon.visitcoruna.com\/fr\/wp-json\/wp\/v2\/media?parent=3495"}],"curies":[{"name":"wp","href":"https:\/\/api.w.org\/{rel}","templated":true}]}}